{"id":13,"date":"2015-11-25T11:58:47","date_gmt":"2015-11-25T09:58:47","guid":{"rendered":"http:\/\/hiphi.ubbcluj.ro\/fam\/morfologiapolitica\/?page_id=13"},"modified":"2017-12-05T22:31:04","modified_gmt":"2017-12-05T20:31:04","slug":"activitati","status":"publish","type":"page","link":"https:\/\/hiphi.ubbcluj.ro\/fam\/morfologiapolitica\/activitati\/","title":{"rendered":"Activit\u0103\u021bi"},"content":{"rendered":"<p style=\"text-align: center;\"><strong>2015<\/strong><\/p>\n<p style=\"text-align: justify;\"><strong>Bereschi Andrei,\u00a0<\/strong><strong>\u201eMorfologiile politice ca sistem \u0219i ca filosofii\u201d<\/strong>, conferin\u021b\u0103 su\u021binut\u0103 \u00een cadrul\u00a0<em><a href=\"http:\/\/hiphi.ubbcluj.ro\/fam\/conferintele-centrului-fam-4\" target=\"_blank\" rel=\"noopener\">Conferin\u021belor Centrului de Filosofie Antic\u0103 \u0219i Medievala<\/a>, semestrul de toamn\u0103 2015,\u00a0<\/em><span style=\"text-align: center;\">17 noiembrie 2015.<\/span><\/p>\n<p style=\"text-align: justify;\"><a href=\"http:\/\/hiphi.ubbcluj.ro\/fam\/morfologiapolitica\/wp-content\/uploads\/2015\/11\/afis-conferinte-fam-toamna2015-andreibereschi3.jpg\"><img decoding=\"async\" loading=\"lazy\" class=\"wp-image-37 aligncenter\" src=\"http:\/\/hiphi.ubbcluj.ro\/fam\/morfologiapolitica\/wp-content\/uploads\/2015\/11\/afis-conferinte-fam-toamna2015-andreibereschi3-212x300.jpg\" alt=\"afis-conferinte-fam-toamna2015-andreibereschi3\" width=\"211\" height=\"298\" srcset=\"https:\/\/hiphi.ubbcluj.ro\/fam\/morfologiapolitica\/wp-content\/uploads\/2015\/11\/afis-conferinte-fam-toamna2015-andreibereschi3-212x300.jpg 212w, https:\/\/hiphi.ubbcluj.ro\/fam\/morfologiapolitica\/wp-content\/uploads\/2015\/11\/afis-conferinte-fam-toamna2015-andreibereschi3-724x1024.jpg 724w, https:\/\/hiphi.ubbcluj.ro\/fam\/morfologiapolitica\/wp-content\/uploads\/2015\/11\/afis-conferinte-fam-toamna2015-andreibereschi3.jpg 1190w\" sizes=\"(max-width: 211px) 100vw, 211px\" \/><\/a><\/p>\n<p>&nbsp;<\/p>\n<p style=\"text-align: center;\"><strong>2016<\/strong><\/p>\n<p style=\"text-align: justify;\"><strong>Bereschi Andrei, \u201eMorfologia politic\u0103 aristotelic\u0103 \u00een dou\u0103 modele medievale: Toma din Aquino \u015fi Dante Alighieri\u201d<\/strong>, prezentat\u0103 \u00een cadrul conferin\u021bei anuale a Societ\u0103\u021bii interna\u021bionale Toma din Aquino, Sec\u021bia Rom\u00e2n\u0103, \u201eAristotel \u0219i Toma din Aquino\u201d, Facultatea de teologie romano-catolic\u0103, Universitatea din Bucure\u0219ti, 15-16 aprilie 2016.<\/p>\n<p style=\"text-align: justify;\"><strong>Drehe Iovan, \u201eDespre \u201copinia adev\u0103rat\u0103\u201d ca virtute politic\u0103 la Aristotel \u0219i Toma din Aquino\u201d<\/strong>, prezentat\u0103 \u00een cadrul conferin\u021bei anuale a Societ\u0103\u021bii interna\u021bionale Toma din Aquino, Sec\u021bia Rom\u00e2n\u0103, \u201eAristotel \u0219i Toma din Aquino\u201d, Facultatea de teologie romano-catolic\u0103, Universitatea din Bucure\u0219ti, 15-16 aprilie 2016.<\/p>\n<p style=\"text-align: justify;\"><strong>Bereschi Andrei, \u201eAristotle<\/strong><strong>\u2019s Political Morphology\u201d<\/strong>, prezentat\u0103 \u00een cadrul <em>Aristotle 2400 Years World Congress<\/em>, Aristotle University of Thessaloniki, Thessaloniki, 23-28 mai 2016.<\/p>\n<p style=\"text-align: justify;\"><strong>Drehe Iovan, \u201eIn Search of the Best Regime: On Aristotle<\/strong><strong>\u2019s Use of the Dialectical Method in the Politics\u201d<\/strong>, prezentat\u0103 \u00een cadrul <em>Aristotle 2400 Years World Congress<\/em>, Aristotle University of Thessaloniki, Thessaloniki, 23-28 mai 2016.<\/p>\n<p style=\"text-align: justify;\"><strong>Bereschi Andrei<\/strong> \u0219i <strong>Drehe Iovan<\/strong>, Stagiu de cercetare la <strong>Department of Medieval Studies<\/strong> din cadrul <strong>Central European University<\/strong>, Budapest, 01.09.2016 \u2013 15.09.2016.<\/p>\n<p style=\"text-align: justify;\"><strong>Drehe Iovan, \u201eOn the Nature of Argumentational Virtues\u201d<\/strong>, prezentat\u0103 \u00een cadrul Aretai Center 1st Annual Conference, Connecting Virtues. Theoretical and Educational Insights, Universita degli studi di Genova, Genova, 28-30 septembrie 2016.<\/p>\n<p style=\"text-align: justify;\"><strong>Bereschi Andrei, \u201eSperan\u021ba in regimurile politice: \u00eentre robuste\u021be \u0219i antifragilitate\u201d,<\/strong> prezentat\u0103 \u00een cadrul Simpozionului interna\u021bional desf\u0103\u0219urat sub egida \u015ecolii Ardelene: Spe Salvi, Universitatea \u201eBabe\u0219-Bolyai\u201d, Facultatea de teologie greco-catolic\u0103, Oradea, 6-8 octombrie 2016.<\/p>\n<p style=\"text-align: justify;\"><strong>Drehe Iovan, \u201eSuflete diforme: despre soarta conduc\u0103torilor \u00een lumea de dincolo\u201d<\/strong>, prezentat\u0103 \u00een cadrul Simpozionului interna\u021bional desf\u0103\u0219urat sub egida \u015ecolii Ardelene: Spe Salvi, Universitatea \u201eBabe\u0219-Bolyai\u201d, Facultatea de teologie greco-catolic\u0103, Oradea, 6-8 octombrie 2016.<\/p>\n<p style=\"text-align: justify;\"><strong>Drehe Iovan<\/strong> \u0219i <strong>Ile Vlad<\/strong>, Stagiu de cercetare la <strong>Centre d&#8217;\u00c9tudes Sup\u00e9rieures de la Renaissance<\/strong> din cadrul <strong>Universit\u00e9 Fran\u00e7ois-Rabelais de Tours<\/strong>, Tours, 09.11.2016 \u2013 23.11.2016.<\/p>\n<p style=\"text-align: justify;\"><strong>Bereschi Andrei, \u201eTraducerea morfologiei politice antice \u00een limba latin\u0103\u201d<\/strong>, prezentat\u0103 \u00een cadrul Colocviului na\u021bional al Centrului de Hermeneutic\u0103, Fenomenologie \u0219i Filosofie practic\u0103, Ed. a VIII-a, \u201eTraducere \u0219i interpretare\u201d, Facultatea de filosofie \u0219i \u0219tiin\u021be social-politice, Universitatea \u201eAlexandru Ioan Cuza\u201d din Ia\u0219i, Ia\u0219i, 10-11 noiembrie 2016.<\/p>\n<p style=\"text-align: justify;\"><strong>Bereschi Andrei, \u201eThe Reception of Aristotle<\/strong><strong>\u2019s<\/strong> <strong>Political Morphology: Albert the Great and Toma d\u2019Aquino \/ Receptarea morfologiei politice la Albert cel Mare \u0219i Toma d\u2019<\/strong><strong>Aquino\u201d<\/strong>, prezentat\u0103 \u00een cadrul The International Conference 2400 Aristotle, Facultatea de filosofie, Universitatea din Bucure\u0219ti, Bucure\u0219ti, 25-26 noiembrie 2016.<\/p>\n<p style=\"text-align: justify;\"><strong>Drehe Iovan, \u201eThe Role of Dialectic in Aristotle<\/strong><strong>\u2019s Discussion of Political Regimes\u201d<\/strong>, prezentat\u0103 \u00een cadrul The International Conference 2400 Aristotle, Facultatea de filosofie, Universitatea din Bucure\u0219ti, Bucure\u0219ti, 25-26 noiembrie 2016.<\/p>\n<p style=\"text-align: center;\"><strong>2017<\/strong><\/p>\n<p style=\"text-align: justify;\"><strong>Bereschi Andrei, Ile Vlad, Pop-C\u00eempean Adela, Drehe Iovan,\u00a0 &#8220;<em>Formele politice \u00eentre Antichitate \u0219i Evul mediu&#8221;<\/em><\/strong><em>,<\/em> \u00een cadrul conferin\u021belor organizate de <a href=\"http:\/\/hiphi.ubbcluj.ro\/fam\/conferintele-centrului-fam-7\"><em>Centrul de Filosofie Antic\u0103 \u0219i medieval\u0103 <\/em><\/a>al Universit\u0103\u021bii \u201eBabe\u0219-Bolyai\u201d din Cluj-Napoca (semestrul de prim\u0103var\u0103 2017).<\/p>\n<p style=\"text-align: justify;\"><a href=\"http:\/\/hiphi.ubbcluj.ro\/fam\/morfologiapolitica\/wp-content\/uploads\/2015\/11\/afis-conferinte-fam-2017pr-0404-web.jpg\"><img decoding=\"async\" loading=\"lazy\" class=\"aligncenter wp-image-352\" src=\"http:\/\/hiphi.ubbcluj.ro\/fam\/morfologiapolitica\/wp-content\/uploads\/2015\/11\/afis-conferinte-fam-2017pr-0404-web.jpg\" alt=\"\" width=\"218\" height=\"308\" srcset=\"https:\/\/hiphi.ubbcluj.ro\/fam\/morfologiapolitica\/wp-content\/uploads\/2015\/11\/afis-conferinte-fam-2017pr-0404-web.jpg 596w, https:\/\/hiphi.ubbcluj.ro\/fam\/morfologiapolitica\/wp-content\/uploads\/2015\/11\/afis-conferinte-fam-2017pr-0404-web-212x300.jpg 212w\" sizes=\"(max-width: 218px) 100vw, 218px\" \/><\/a><\/p>\n<p style=\"text-align: justify;\"><strong>Drehe Iovan,<\/strong> <strong>\u201cDialectic and Refutation in Aristotle\u2019s <em>Politics<\/em>\u201d<\/strong>, <em>British Society for the History of Philosophy Annual Conference<\/em>, April 6-8 2017, University of Sheffield.<\/p>\n<p style=\"text-align: justify;\"><strong>Bereschi Andrei, \u201eRobustul, fragilul, antifragilul \u00een raportul politic bine-r\u0103u\u201d<\/strong>, SITA (Societatea Interna\u021bional\u0103 Toma din Aquino) 2017 Conference: On Goodness. Philosophical, Theological and Interdisciplinary accounts, Bucharest, May 12-13 2017.<\/p>\n<p style=\"text-align: justify;\"><strong>Drehe Iovan, &#8220;Bine comun \u0219i regim politic&#8221;<\/strong>, SITA (Societatea Interna\u021bional\u0103 Toma din Aquino) 2017 Conference: On Goodness. Philosophical, Theological and Interdisciplinary accounts, Bucharest, May 12-13 2017.<\/p>\n<p style=\"text-align: justify;\"><strong>Drehe Iovan,<\/strong> <strong>\u201c<em>Topoi <\/em>and Refutations in Aristotle\u201d<\/strong>, ECA Fribourg, 2<sup>nd<\/sup> European Conference on Argumentation: Argumentation and inference, 20-23 June 2017, Fribourg, Switzerland.<\/p>\n<p style=\"text-align: justify;\"><strong>Ile Vlad<\/strong>, stagiu de cercetare la <strong><em>Biblioth\u00e8que nationale de France<\/em><\/strong>, Paris, coord.\u00a0<strong>Jo\u00ebl Biard<\/strong>,\u00a003.07.2017 &#8211; 14.07.2017.<\/p>\n<p style=\"text-align: justify;\"><strong>Drehe Iovan<\/strong>, \u201e<strong>Despre cunoa\u0219terea constitu\u021biilor politice: un model grec<\/strong>\u201d, \u00een cadrul Simpozionul interna\u021bional desf\u0103\u0219urat sub egida \u015ecolii Ardelene. Educa\u021bie \u015fi cultur\u0103 Seminarul Greco-Catolic Oradea \u2013 225 ani de existen\u021b\u0103, 11-14 octombrie.<\/p>\n<p style=\"text-align: justify;\"><strong>Workshop final &#8211;\u00a0<\/strong><strong><em>Constituirea morfologiei politice \u00een filosofie: perspective istorice \u0219i sistematice<\/em><\/strong>, 21 noiembrie 2017.<\/p>\n<p style=\"text-align: center;\"><a href=\"http:\/\/hiphi.ubbcluj.ro\/fam\/morfologiapolitica\/wp-content\/uploads\/2017\/11\/AFIS-page-001-1.jpg\"><img decoding=\"async\" loading=\"lazy\" class=\"aligncenter  wp-image-349\" src=\"http:\/\/hiphi.ubbcluj.ro\/fam\/morfologiapolitica\/wp-content\/uploads\/2017\/11\/AFIS-page-001-1.jpg\" alt=\"\" width=\"204\" height=\"264\" srcset=\"https:\/\/hiphi.ubbcluj.ro\/fam\/morfologiapolitica\/wp-content\/uploads\/2017\/11\/AFIS-page-001-1.jpg 2550w, https:\/\/hiphi.ubbcluj.ro\/fam\/morfologiapolitica\/wp-content\/uploads\/2017\/11\/AFIS-page-001-1-232x300.jpg 232w, https:\/\/hiphi.ubbcluj.ro\/fam\/morfologiapolitica\/wp-content\/uploads\/2017\/11\/AFIS-page-001-1-768x994.jpg 768w, https:\/\/hiphi.ubbcluj.ro\/fam\/morfologiapolitica\/wp-content\/uploads\/2017\/11\/AFIS-page-001-1-791x1024.jpg 791w\" sizes=\"(max-width: 204px) 100vw, 204px\" \/><\/a><\/p>\n<p>&nbsp;<\/p>\n","protected":false},"excerpt":{"rendered":"<p>2015 Bereschi Andrei,\u00a0\u201eMorfologiile politice ca sistem \u0219i ca filosofii\u201d, conferin\u021b\u0103 su\u021binut\u0103 \u00een cadrul\u00a0Conferin\u021belor Centrului de Filosofie Antic\u0103 \u0219i Medievala, semestrul de toamn\u0103 2015,\u00a017 noiembrie 2015. &nbsp; 2016 Bereschi Andrei, \u201eMorfologia politic\u0103 aristotelic\u0103 \u00een dou\u0103 modele medievale: Toma din Aquino \u015fi Dante Alighieri\u201d, prezentat\u0103 \u00een cadrul conferin\u021bei anuale a Societ\u0103\u021bii interna\u021bionale Toma din Aquino, Sec\u021bia Rom\u00e2n\u0103, &hellip; <a href=\"https:\/\/hiphi.ubbcluj.ro\/fam\/morfologiapolitica\/activitati\/\" class=\"more-link\">Continue reading <span class=\"screen-reader-text\">Activit\u0103\u021bi<\/span> <span class=\"meta-nav\">&rarr;<\/span><\/a><\/p>\n","protected":false},"author":1,"featured_media":0,"parent":0,"menu_order":4,"comment_status":"closed","ping_status":"closed","template":"","meta":[],"_links":{"self":[{"href":"https:\/\/hiphi.ubbcluj.ro\/fam\/morfologiapolitica\/wp-json\/wp\/v2\/pages\/13"}],"collection":[{"href":"https:\/\/hiphi.ubbcluj.ro\/fam\/morfologiapolitica\/wp-json\/wp\/v2\/pages"}],"about":[{"href":"https:\/\/hiphi.ubbcluj.ro\/fam\/morfologiapolitica\/wp-json\/wp\/v2\/types\/page"}],"author":[{"embeddable":true,"href":"https:\/\/hiphi.ubbcluj.ro\/fam\/morfologiapolitica\/wp-json\/wp\/v2\/users\/1"}],"replies":[{"embeddable":true,"href":"https:\/\/hiphi.ubbcluj.ro\/fam\/morfologiapolitica\/wp-json\/wp\/v2\/comments?post=13"}],"version-history":[{"count":11,"href":"https:\/\/hiphi.ubbcluj.ro\/fam\/morfologiapolitica\/wp-json\/wp\/v2\/pages\/13\/revisions"}],"predecessor-version":[{"id":356,"href":"https:\/\/hiphi.ubbcluj.ro\/fam\/morfologiapolitica\/wp-json\/wp\/v2\/pages\/13\/revisions\/356"}],"wp:attachment":[{"href":"https:\/\/hiphi.ubbcluj.ro\/fam\/morfologiapolitica\/wp-json\/wp\/v2\/media?parent=13"}],"curies":[{"name":"wp","href":"https:\/\/api.w.org\/{rel}","templated":true}]}}