{"id":88,"date":"2021-03-17T12:50:40","date_gmt":"2021-03-17T12:50:40","guid":{"rendered":"http:\/\/hiphi.ubbcluj.ro\/SD_ICC_nou\/?page_id=88"},"modified":"2022-10-04T15:25:18","modified_gmt":"2022-10-04T15:25:18","slug":"cu-taxa","status":"publish","type":"page","link":"https:\/\/hiphi.ubbcluj.ro\/SD_ICC\/doctoranzi\/anul-i\/cu-taxa\/","title":{"rendered":"Cu tax\u0103"},"content":{"rendered":"\n<p style=\"color:#006851\" class=\"has-text-color\"><strong>Angyal (c\u0103s. B\u00e1tori Angyal) Ol\u00edvia<\/strong><br><strong>Coordonator: prof. univ. dr. <\/strong> <strong>KOV\u00c1CS Andr\u00e1s<\/strong> <\/p>\n\n\n\n<p class=\"has-small-font-size\"><strong>Titlul tezei<\/strong><br><em>Ilustra\u021biile contemporane a c\u0103r\u021bilor pentru copii \/A kort\u00e1rs magyar gyermekk\u00f6nyv-illusztr\u00e1ci\u00f3k t\u00f6rt\u00e9nete<\/em><br><br><strong>Comisia de \u00eendrumare<\/strong><br>lect. dr. P\u00e1l Emese <br>lect. dr. Kov\u00e1cs Zsolt<br>lect. dr. Kl\u00e1ra Pak\u00f3<\/p>\n\n\n\n<p style=\"color:#006851\" class=\"has-text-color\"><strong>Berciu Gheorghe<\/strong><br><strong>Coordonator:<\/strong> <strong>conf. univ. dr. Constantin B\u0102RBULESCU<\/strong><\/p>\n\n\n\n<p class=\"has-small-font-size\"><strong>Titlul tezei<\/strong><br><em>Imaginarul violen\u021bei rurale \u00een romanul rom\u00e2nesc interbelic<\/em><br><br><strong>Comisia de \u00eendrumare<\/strong><br>prof. univ. dr. Sorin Mitu<br>conf. univ. dr. Ion C\u00e2rja<br>lect. dr. Vlad Popovici<\/p>\n\n\n\n<p style=\"color:#006851\" class=\"has-text-color\"><strong>Marinescu Marinela-Diana<\/strong><br><strong>Coordonator:<\/strong> <strong>prof. univ. dr. Ovidiu GHITTA<\/strong><\/p>\n\n\n\n<p class=\"has-small-font-size\"><strong>Titlul tezei<\/strong><br><em>Iezui\u021bii \u00een Moldova (1588-1773) \u0219i misiunea catolic\u0103 tridentin\u0103<\/em><br><br><strong>Comisia de \u00eendrumare<\/strong><br>prof. univ. dr. Maria Cr\u0103ciun<br>prof. univ. dr. Greta Miron<br>conf. univ. dr. Ionu\u021b Costea<br><\/p>\n","protected":false},"excerpt":{"rendered":"<p>Angyal (c\u0103s. B\u00e1tori Angyal) Ol\u00edviaCoordonator: prof. univ. dr. KOV\u00c1CS Andr\u00e1s Titlul tezeiIlustra\u021biile contemporane a c\u0103r\u021bilor pentru copii \/A kort\u00e1rs magyar gyermekk\u00f6nyv-illusztr\u00e1ci\u00f3k t\u00f6rt\u00e9nete Comisia de \u00eendrumarelect. dr. P\u00e1l Emese lect. dr. Kov\u00e1cs Zsoltlect. dr. Kl\u00e1ra Pak\u00f3 Berciu GheorgheCoordonator: conf. univ. dr. Constantin B\u0102RBULESCU Titlul tezeiImaginarul violen\u021bei rurale \u00een romanul rom\u00e2nesc interbelic Comisia de \u00eendrumareprof. univ. dr. &hellip; <\/p>\n<p class=\"link-more\"><a href=\"https:\/\/hiphi.ubbcluj.ro\/SD_ICC\/doctoranzi\/anul-i\/cu-taxa\/\" class=\"more-link\">Cite\u0219te mai multe<span class=\"screen-reader-text\">\u201eCu tax\u0103\u201d<\/span><\/a><\/p>\n","protected":false},"author":1,"featured_media":0,"parent":47,"menu_order":3,"comment_status":"closed","ping_status":"closed","template":"","meta":{"_inspiro_hide_title":false,"footnotes":""},"class_list":["post-88","page","type-page","status-publish","hentry"],"_links":{"self":[{"href":"https:\/\/hiphi.ubbcluj.ro\/SD_ICC\/wp-json\/wp\/v2\/pages\/88","targetHints":{"allow":["GET"]}}],"collection":[{"href":"https:\/\/hiphi.ubbcluj.ro\/SD_ICC\/wp-json\/wp\/v2\/pages"}],"about":[{"href":"https:\/\/hiphi.ubbcluj.ro\/SD_ICC\/wp-json\/wp\/v2\/types\/page"}],"author":[{"embeddable":true,"href":"https:\/\/hiphi.ubbcluj.ro\/SD_ICC\/wp-json\/wp\/v2\/users\/1"}],"replies":[{"embeddable":true,"href":"https:\/\/hiphi.ubbcluj.ro\/SD_ICC\/wp-json\/wp\/v2\/comments?post=88"}],"version-history":[{"count":10,"href":"https:\/\/hiphi.ubbcluj.ro\/SD_ICC\/wp-json\/wp\/v2\/pages\/88\/revisions"}],"predecessor-version":[{"id":1559,"href":"https:\/\/hiphi.ubbcluj.ro\/SD_ICC\/wp-json\/wp\/v2\/pages\/88\/revisions\/1559"}],"up":[{"embeddable":true,"href":"https:\/\/hiphi.ubbcluj.ro\/SD_ICC\/wp-json\/wp\/v2\/pages\/47"}],"wp:attachment":[{"href":"https:\/\/hiphi.ubbcluj.ro\/SD_ICC\/wp-json\/wp\/v2\/media?parent=88"}],"curies":[{"name":"wp","href":"https:\/\/api.w.org\/{rel}","templated":true}]}}