{"id":80,"date":"2021-03-17T09:47:55","date_gmt":"2021-03-17T09:47:55","guid":{"rendered":"http:\/\/hiphi.ubbcluj.ro\/SD_ICC_nou\/?page_id=80"},"modified":"2022-10-07T09:26:09","modified_gmt":"2022-10-07T09:26:09","slug":"buget-fara-bursa","status":"publish","type":"page","link":"https:\/\/hiphi.ubbcluj.ro\/SD_ICC\/doctoranzi\/anul-i\/buget-fara-bursa\/","title":{"rendered":"Buget f\u0103r\u0103 burs\u0103"},"content":{"rendered":"\n<p style=\"color:#006851\" class=\"has-text-color\"><strong>Ana Olivian \u0218amir<\/strong><br><strong>Coordonator: prof. univ. dr. Doru RADOSAV<\/strong><\/p>\n\n\n\n<p class=\"has-small-font-size\"><strong>Titlul tezei<\/strong><br><em>R\u0103zboiul Civil Spaniol \u00een percep\u021bia \u0219i memoria colectiv\u0103 rom\u00e2ne\u0219ti <\/em><br><br><strong>Comisia de \u00eendrumare<\/strong><br>prof. univ. dr. Virgiliu \u021a\u00e2r\u0103u<br>conf. univ. dr. Ionu\u021b Costea<br>C.\u0218. III dr. Lavinia Costea (Stan)<\/p>\n\n\n\n<p style=\"color:#006851\" class=\"has-text-color\"><strong>Andreica Radu Ioan<\/strong><br><strong>Coordonator: prof. univ. dr. Marcela S\u0102L\u0102GEAN<\/strong><\/p>\n\n\n\n<p class=\"has-small-font-size\"><strong>Titlul tezei<\/strong><br><em>Multiculturalismul \u00een Rom\u00e2nia. Rela\u021biile rom\u00e2no-ungare: 1990-2007<\/em><br><br><strong>Comisia de \u00eendrumare<\/strong><br>prof. univ. dr. Ioan-Marius Bucur<br>lect. dr. Ioan Manci<br>lect. dr. Mihai Alexandrescu<\/p>\n\n\n\n<p style=\"color:#006851\" class=\"has-text-color\"><strong>Bakos G\u00e1bor<\/strong><br><strong>Coordonator: prof. univ. dr. Greta MIRON<\/strong><\/p>\n\n\n\n<p class=\"has-small-font-size\"><strong>Titlul tezei<\/strong><br><em>Un cleric \u0219i epoca sa, Boros B\u00e9la<\/em><br><br><strong>Comisia de \u00eendrumare<\/strong><br>prof. univ. dr. Ovidiu Ghitta<br>prof. univ. dr. Ioan-Marius Bucur<br>conf. univ. dr. Ionu\u021b Costea<\/p>\n\n\n\n<p style=\"color:#006851\" class=\"has-text-color\"><strong>Bera Antonia Ruxandra<\/strong><br><strong>Coordonator: conf. univ. dr. Constantin B\u0102RBULESCU<\/strong><\/p>\n\n\n\n<p class=\"has-small-font-size\"><strong>Titlul tezei<\/strong><br><em>Mor\u021bii \u0219i viii. Satele \u0219i ora\u0219ul transilvan<\/em><br><br><strong>Comisia de \u00eendrumare<\/strong><br>prof. univ. dr. Sorin Mitu<br>conf. univ. dr. Ion C\u00e2rja<br>lect. dr. Vlad Popovici<\/p>\n\n\n\n<p style=\"color:#006851\" class=\"has-text-color\"><strong>Bologa Vlad C\u0103t\u0103lin<\/strong><br><strong>Coordonator: conf. univ. dr. Sorin NEMETI<\/strong><\/p>\n\n\n\n<p class=\"has-small-font-size\"><strong>Titlul tezei<\/strong><br><em>Napoca \u0219i Potaissa \u00een secolele IV-VII p. Chr. Grupuri barbare \u0219i re\u021bele socio-economice<\/em><br><br><strong>Comisia de \u00eendrumare<\/strong><br>profesor emerit dr. Radu Ardevan<br>C.\u0218. I dr. hab. Coriolan-Hora\u021biu Oprean<br>conf. univ. dr. Florin Fodorean<\/p>\n\n\n\n<p style=\"color:#006851\" class=\"has-text-color\"><strong>Buia (c\u0103s. Adi) Ana-Maria<\/strong><br><strong>Coordonator: prof. univ. dr. Toader NICOAR\u0102<\/strong><\/p>\n\n\n\n<p class=\"has-small-font-size\"><strong>Titlul tezei<\/strong><br><em>Marea criz\u0103 economic\u0103 dintre anii 1929-1933 \u0219i efectele ei asupra Rom\u00e2niei<\/em><br><br><strong>Comisia de \u00eendrumare<\/strong><br>prof. univ. dr. Ovidiu Ghitta<br>prof. univ. dr. Sorin Mitu<br>prof. univ. dr. Marcela S\u0103l\u0103gean<\/p>\n\n\n\n<p style=\"color:#006851\" class=\"has-text-color\"><strong>Chiri\u021b\u0103 Cristian-Sabin<br>Coordonator: conf. univ. dr. Mihai T. NICOAR\u0102<\/strong><\/p>\n\n\n\n<p class=\"has-small-font-size\"><strong>Titlul tezei<br><\/strong><em>Epidemii, pandemii \u0219i insecuritate \u00een secolul XX. Na\u0219terea \u0219i rolul interna\u021bional al Organiza\u021biei Mondiale a S\u0103n\u0103t\u0103\u021bii \u00eencep\u00e2nd cu anul 1948<\/em><br><strong><br>Comisia de \u00eendrumare<br><\/strong>conf. univ. dr. Constantin B\u0103rbulescu<br>prof. univ. dr. Marcela S\u0103l\u0103gean<br>prof. univ. dr. Ovidiu Ghitta <br><\/p>\n\n\n\n<p style=\"color:#006851\" class=\"has-text-color\"><strong>Ciocan Evelyn<\/strong><br><strong>Coordonator: conf. univ. dr. Florin FODOREAN<\/strong><\/p>\n\n\n\n<p class=\"has-small-font-size\"><strong>Titlul tezei<\/strong><br><em>Alimenta\u021bia \u0219i via\u021ba cotidian\u0103 a solda\u021bilor romani din castrele de pe limesul Dacia Porolissensis<\/em><br><br><strong>Comisia de \u00eendrumare<\/strong><br>profesor emerit dr. Radu Ardevan<br>prof. univ. dr. Sorin Nemeti<br>lect. dr. Silvia Musta\u021b\u0103<\/p>\n\n\n\n<p style=\"color:#006851\" class=\"has-text-color\"><strong>Comiati Andra-Cezara<\/strong><br><strong>Coordonator: conf. univ. dr. Florin FODOREAN<\/strong><\/p>\n\n\n\n<p class=\"has-small-font-size\"><strong>Titlul tezei<\/strong><br><em>Ceramica roman\u0103 din castrul de la Gherla<\/em><br><br><strong>Comisia de \u00eendrumare<\/strong><br>profesor emerit dr. Radu Ardevan<br>prof. univ. dr. Sorin Nemeti<br>lect. dr. Silvia Musta\u021b\u0103<\/p>\n\n\n\n<p style=\"color:#006851\" class=\"has-text-color\"><strong>Danciu Sebastian<\/strong><br><strong>Coordonator: prof. univ. dr. Florin DRA\u0218OVEAN<\/strong><\/p>\n\n\n\n<p class=\"has-small-font-size\"><strong>Titlul tezei<\/strong><br><em>R\u0103zboinici \u0219i arme din Epoca Bronzului \u00een Bazinul Some\u0219ului. Studiu tehnologic<\/em><br><br><strong>Comisia de \u00eendrumare<\/strong><br>profesor emerit dr. Radu Ardevan<br>prof. univ. dr. Gelu Florea<br>Liliana Suciu Mateescu<\/p>\n\n\n\n<p style=\"color:#006851\" class=\"has-text-color\"><strong>Dolinschi Maxim<\/strong><br><strong>Coordonator: conf. univ. dr. \u0218erban TURCU\u0218<\/strong><\/p>\n\n\n\n<p class=\"has-small-font-size\"><strong>Titlul tezei<\/strong><br><em>Conceptul de a Treia Roma \u0219i evolu\u021bia lui ideologic\u0103<\/em><br><br><strong>Comisia de \u00eendrumare<\/strong><br>prof. univ. dr. Maria Cr\u0103ciun<br>prof. univ. dr. Toader Nicoar\u0103<br>prof. univ. dr. Marcela S\u0103l\u0103gean<br><\/p>\n\n\n\n<p style=\"color:#006851\" class=\"has-text-color\"><strong>Florea Flavius-Leonard<\/strong><br><strong>Coordonator: prof. univ. dr. Ovidiu GHITTA<\/strong><\/p>\n\n\n\n<p class=\"has-small-font-size\"><strong>Titlul tezei<\/strong><br><em>Sf\u00e2ntul Scaun \u0219i Biserica Rom\u00e2n\u0103 Unit\u0103 cu Roma, Greco-Catolic\u0103&nbsp; (1939-1958)<\/em><br><br><strong>Comisia de \u00eendrumare<\/strong><br>prof. univ. dr. Ioan-Marius Bucur<br>prof. univ. dr. Greta Miron<br>conf. univ. dr. Ionu\u021b Costea<\/p>\n\n\n\n<p style=\"color:#006851\" class=\"has-text-color\"><strong>Grosu Denisa Andreea<\/strong><br><strong>Coordonator: CS I dr. Coriolan-Hora\u021biu OPREAN<\/strong><\/p>\n\n\n\n<p class=\"has-small-font-size\"><strong>Titlul tezei<\/strong><br><em>Urbanism \u0219i via\u021ba cotidian\u0103 la Porolissum<\/em><br><br><strong>Comisia de \u00eendrumare<\/strong><br>lect. dr. Liliana Mateescu-Suciu<br>prof. univ. dr. Florin Dra\u0219ovean<br>prof. univ. dr. Sorin Nemeti<\/p>\n\n\n\n<p style=\"color:#006851\" class=\"has-text-color\"><strong>Keresztes Melinda Gabriela<\/strong><br><strong>Coordonator: conf. univ. dr. \u0218erban TURCU\u0218<\/strong><\/p>\n\n\n\n<p class=\"has-small-font-size\"><strong>Titlul tezei<\/strong><br><em>Constituirea infrastructurii educa\u021bionale \u00een \u201ePartium-Comitatul Arad\u201d sub habsburgi<\/em><br><br><strong>Comisia de \u00eendrumare<\/strong><br>prof. univ. dr. Toader Nicoar\u0103<br>prof. univ. dr. Marcela S\u0103l\u0103gean<br>prof. univ. dr. Sorin Mitu<\/p>\n\n\n\n<p style=\"color:#006851\" class=\"has-text-color\"><strong>Marton Maria-Cristina<\/strong><br><strong>Coordonator: conf. univ. dr. Sorin NEMETI<\/strong><\/p>\n\n\n\n<p class=\"has-small-font-size\"><strong>Titlul tezei<\/strong><br><em>Sculptura \u00een relief la Sarmizegetusa. O contribu\u021bie la definirea atelierului de \u201emarmorarii\u201d de la Bucova<\/em><br><br><strong>Comisia de \u00eendrumare<\/strong><br>C.\u0218. I dr. hab. Coriolan-Hora\u021biu Oprean<br>conf. univ. dr. Florin Fodorean<br>lect. dr. Silvia Musta\u021b\u0103<\/p>\n\n\n\n<p style=\"color:#006851\" class=\"has-text-color\"><strong>Mihalka Nandor<\/strong><br><strong>Coordonator: prof. univ. dr. R\u00dcSZ-FOGARASI Enik\u0151<\/strong><\/p>\n\n\n\n<p class=\"has-small-font-size\"><strong>Titlul tezei<\/strong><br><em>Istoria t\u00e2rzie a cet\u0103\u021bii episcopale din Oradea (sec. XIV-XVI)\/ A v\u00e1radi p\u00fcsp\u00f6kv\u00e1r a k\u00e9s\u0151 k\u00f6z\u00e9pkorban (14-16. sz\u00e1zad)<\/em><br><br><strong>Comisia de \u00eendrumare<\/strong><br>dr. Sz\u0151cs P\u00e9ter Levente<br>conf. univ. dr. M\u00e1ria Lupescu Mak\u00f3<br>conf. univ. dr. Moln\u00e1r-Kov\u00e1cs Zsolt<\/p>\n\n\n\n<p style=\"color:#006851\" class=\"has-text-color\"><strong>Moro\u0219anu Teodora-Georgiana<\/strong><br><strong>Coordonator: prof. univ. dr. Greta MIRON<\/strong><\/p>\n\n\n\n<p class=\"has-small-font-size\"><strong>Titlul tezei<\/strong><br><em>Ion Irimescu (studiu monografic)<\/em><br><br><strong>Comisia de \u00eendrumare<\/strong><br>prof. univ. dr. Maria Cr\u0103ciun<br>prof. univ. dr. Ovidiu Ghitta<br>C.\u0218. III dr. Ciprian Firea<\/p>\n\n\n\n<p style=\"color:#006851\" class=\"has-text-color\"><strong>Repede Ioana Cornelia<\/strong><br><strong>Coorodnator: conf. univ. dr. Constantin B\u0102RBULESCU<\/strong><\/p>\n\n\n\n<p class=\"has-small-font-size\"><strong>Titlul tezei<\/strong><br><em>Emanciparea femeii \u0219i schimb\u0103rile modului de via\u021b\u0103 \u00een Rom\u00e2nia interbelic\u0103<\/em><br><br><strong>Comisia de \u00eendrumare<\/strong><br>prof. univ. dr. Sorin Mitu<br>conf. univ. dr. Ion C\u00e2rja<br>lect. dr. Vlad Popovici<\/p>\n\n\n\n<p style=\"color:#006851\" class=\"has-text-color\"><strong>S\u00e2rbu Ion Eugen<\/strong><br><strong>Coordonator: prof. univ. dr. Marcela S\u0102L\u0102GEAN<\/strong><\/p>\n\n\n\n<p class=\"has-small-font-size\"><strong>Titlul tezei<\/strong><br><em>Sighi\u0219oara \u00een perioada interbelic\u0103<\/em><br><br><strong>Comisia de \u00eendrumare<\/strong><br>prof. univ. dr. Ioan-Marius Bucur<br>prof. univ. dr. Toader Nicoar\u0103<br>conf. univ. dr. Hunyadi Attila<\/p>\n\n\n\n<p style=\"color:#006851\" class=\"has-text-color\"><strong>St\u0103nescu Ana-Maria<\/strong><br><strong>Coordonator: conf. univ. dr. Florin FODOREAN<\/strong><\/p>\n\n\n\n<p class=\"has-small-font-size\"><strong>Titlul tezei<\/strong><br><em>Roman architecture: assembly halls, synagogues and basilicas in the 1st-3rd centruies C.E.<\/em><br><br><strong>Comisia de \u00eendrumare<\/strong><br>profesor emerit dr. Radu Ardevan<br>prof. univ. dr. Sorin Nemeti<br>conf. univ. dr. Eduard-Marius Nemeth <\/p>\n\n\n\n<p style=\"color:#006851\" class=\"has-text-color\"><strong>Te\u0219can (c\u0103s. Cova) Ioana<\/strong><br><strong>Coordonator: conf. univ. dr. Sorin NEMETI<\/strong><\/p>\n\n\n\n<p class=\"has-small-font-size\"><strong>Titlul tezei<\/strong><br><em>P\u0103strarea patrimoniului arheologic mobil \u00een muzeele din Rom\u00e2nia. Istoric, evolu\u021bie, abord\u0103ri actuale<\/em><br><br><strong>Comisia de \u00eendrumare<\/strong><br>profesor emerit dr. Radu Ardevan<br>conf. univ. dr. Florin Fodorean<br>lect. dr. Silvia Musta\u021b\u0103<\/p>\n\n\n\n<p style=\"color:#006851\" class=\"has-text-color\"><strong>Tivadar Marisa-Felicia<\/strong><br><strong>Coordonator: conf. univ. dr. Florin FODOREAN<\/strong><\/p>\n\n\n\n<p class=\"has-small-font-size\"><strong>Titlul tezei<\/strong><br><em>Aspecte ale mediului rural \u00een Dacia Porolissensis<\/em><br><br><strong>Comisia de \u00eendrumare<\/strong><br>profesor emerit dr. Radu Ardevan<br>prof. univ. dr. Sorin Nemeti<br>lect. dr. Silvia Musta\u021b\u0103<\/p>\n\n\n\n<p style=\"color:#006851\" class=\"has-text-color\"><strong>Valea Dana-Alexandra<\/strong><br><strong>Coordonator: prof. univ. dr. Florin DRA\u0218OVEAN<\/strong><\/p>\n\n\n\n<p class=\"has-small-font-size\"><strong>Titlul tezei<\/strong><br><em>Cultura Noua \u2013 A\u0219ezarea de la Ili\u0219ua<\/em><br><br><strong>Comisia de \u00eendrumare<\/strong><br>profesor emerit dr. Radu Ardevan<br>prof. univ. dr. Gelu Florea<br>lect. dr. Liliana Suciu Mateescu<br><\/p>\n","protected":false},"excerpt":{"rendered":"<p>Ana Olivian \u0218amirCoordonator: prof. univ. dr. Doru RADOSAV Titlul tezeiR\u0103zboiul Civil Spaniol \u00een percep\u021bia \u0219i memoria colectiv\u0103 rom\u00e2ne\u0219ti Comisia de \u00eendrumareprof. univ. dr. Virgiliu \u021a\u00e2r\u0103uconf. univ. dr. Ionu\u021b CosteaC.\u0218. III dr. Lavinia Costea (Stan) Andreica Radu IoanCoordonator: prof. univ. dr. Marcela S\u0102L\u0102GEAN Titlul tezeiMulticulturalismul \u00een Rom\u00e2nia. Rela\u021biile rom\u00e2no-ungare: 1990-2007 Comisia de \u00eendrumareprof. univ. dr. Ioan-Marius &hellip; <\/p>\n<p class=\"link-more\"><a href=\"https:\/\/hiphi.ubbcluj.ro\/SD_ICC\/doctoranzi\/anul-i\/buget-fara-bursa\/\" class=\"more-link\">Cite\u0219te mai multe<span class=\"screen-reader-text\">\u201eBuget f\u0103r\u0103 burs\u0103\u201d<\/span><\/a><\/p>\n","protected":false},"author":1,"featured_media":0,"parent":47,"menu_order":2,"comment_status":"closed","ping_status":"closed","template":"","meta":{"_inspiro_hide_title":false,"footnotes":""},"class_list":["post-80","page","type-page","status-publish","hentry"],"_links":{"self":[{"href":"https:\/\/hiphi.ubbcluj.ro\/SD_ICC\/wp-json\/wp\/v2\/pages\/80","targetHints":{"allow":["GET"]}}],"collection":[{"href":"https:\/\/hiphi.ubbcluj.ro\/SD_ICC\/wp-json\/wp\/v2\/pages"}],"about":[{"href":"https:\/\/hiphi.ubbcluj.ro\/SD_ICC\/wp-json\/wp\/v2\/types\/page"}],"author":[{"embeddable":true,"href":"https:\/\/hiphi.ubbcluj.ro\/SD_ICC\/wp-json\/wp\/v2\/users\/1"}],"replies":[{"embeddable":true,"href":"https:\/\/hiphi.ubbcluj.ro\/SD_ICC\/wp-json\/wp\/v2\/comments?post=80"}],"version-history":[{"count":21,"href":"https:\/\/hiphi.ubbcluj.ro\/SD_ICC\/wp-json\/wp\/v2\/pages\/80\/revisions"}],"predecessor-version":[{"id":1615,"href":"https:\/\/hiphi.ubbcluj.ro\/SD_ICC\/wp-json\/wp\/v2\/pages\/80\/revisions\/1615"}],"up":[{"embeddable":true,"href":"https:\/\/hiphi.ubbcluj.ro\/SD_ICC\/wp-json\/wp\/v2\/pages\/47"}],"wp:attachment":[{"href":"https:\/\/hiphi.ubbcluj.ro\/SD_ICC\/wp-json\/wp\/v2\/media?parent=80"}],"curies":[{"name":"wp","href":"https:\/\/api.w.org\/{rel}","templated":true}]}}