{"id":467,"date":"2021-09-07T16:48:17","date_gmt":"2021-09-07T16:48:17","guid":{"rendered":"http:\/\/hiphi.ubbcluj.ro\/SD_ICC_nou\/?page_id=467"},"modified":"2021-10-14T08:30:40","modified_gmt":"2021-10-14T08:30:40","slug":"kolozsvari-magyar-torteneti-intezet","status":"publish","type":"page","link":"https:\/\/hiphi.ubbcluj.ro\/SD_ICC\/cercetare\/centre-de-cercetare\/kolozsvari-magyar-torteneti-intezet\/","title":{"rendered":"Kolozsv\u00e1ri Magyar T\u00f6rten\u00e9ti Int\u00e9zet"},"content":{"rendered":"\n<p style=\"color:#006851\" class=\"has-text-color has-medium-font-size\"><strong><a href=\"http:\/\/kmti.hiphi.ubbcluj.ro\/\" target=\"_blank\" rel=\"noreferrer noopener\" aria-label=\"Site-ul oficial al KMTI (se deschide \u00eentr-o fil\u0103 nou\u0103)\">Site-ul oficial al KMTI<\/a><\/strong><\/p>\n\n\n\n<p class=\"has-medium-font-size\"><strong>Director<\/strong><br>conf. univ. dr. <strong>R\u00f3bert-Mikl\u00f3s Nagy<\/strong><\/p>\n\n\n\n<p><strong>Prodecan responsabil cu departamentul maghiar<\/strong><br>prof. univ. dr. <strong>Enik\u0151 R\u00fcsz-Fogarasi <\/strong><\/p>\n\n\n\n<p><strong>Secretar institut<\/strong><br>asist. dr. <strong>J\u00e1nos Fodor<\/strong><\/p>\n\n\n\n<p><strong>Consiliul institutului<\/strong><\/p>\n\n\n\n<p>\u2022  dr. <strong>Lupescu M\u00e1ria-Magdolna<\/strong><br>\u2022  dr. <strong>Enik\u0151 R\u00fcsz-Fogarasi<\/strong><br>\u2022  dr. <strong>Kl\u00e1ra Pak\u00f3<\/strong><br>\u2022  dr. <strong>Nagy R\u00f3bert-Mikl\u00f3s<\/strong><br>\u2022  dr. <strong>Toth Solid<\/strong><\/p>\n\n\n\n<p><strong>Secretar al sec\u021biei maghiare<\/strong><br><strong>Rin Dawn<\/strong><br><\/p>\n\n\n\n<p class=\"has-medium-font-size\"><strong>Prezentare general\u0103<\/strong><\/p>\n\n\n\n<p>Institutul Maghiar de Istorie din Cluj-Napoca &#8211; \u00eempreun\u0103 cu alte institute similare &#8211; a fost \u00eenfiin\u021bat \u00een 2012 pe baza noului Act educa\u021bional la Facultatea de Istorie \u0219i Filosofie a Universit\u0103\u021bii Babe\u0219-Bolyai. Scopul institutului este de a uni, organiza \u0219i sprijini predarea istoriei \u0219i a \u0219tiin\u021belor conexe la nivel universitar \u00een limba maghiar\u0103. <br><br>Preg\u0103tirea istoricilor \u00een limba maghiar\u0103 are o istorie mult mai lung\u0103. Dup\u0103 anii 1990, instruirea \u00een limba maghiar\u0103, care a fost \u00eenghe\u021bat\u0103 \u00een anii 1980, a \u00eenceput din nou s\u0103 se dezvolte: at\u00e2t num\u0103rul de lectori \u0219i studen\u021bi, c\u00e2t \u0219i oferta educa\u021bional\u0103 s-au extins semnificativ. Aceast\u0103 dezvoltare a fost \u00eencununat\u0103 de \u00eenfiin\u021barea Institutului maghiar de istorie, \u00een cadrul c\u0103ruia este posibil\u0103 o mai bun\u0103 coordonare a form\u0103rii \u00een limba maghiar\u0103. <br><br>Institutul Maghiar de Istorie din Cluj-Napoca ofer\u0103 cea mai versatil\u0103 ofert\u0103 din cadrul universit\u0103\u021bii: \u0219apte cursuri universitare ( istorie, arheologie, istoria artei, rela\u021bii interna\u021bionale, arhive, turism cultural, bibliotec\u0103 \u0219i \u0219tiin\u021be ale informa\u021biei ) \u0219i dou\u0103 programe de masterat ( cercetare \u0219i utilizare) de patrimoniu cultural, istorie contemporan\u0103 \u0219i rela\u021bii interna\u021bionale) este una dintre sarcinile Institutului. Cu excep\u021bia uneia, aceste specializ\u0103ri sunt predate numai \u00een limba maghiar\u0103 \u00een Rom\u00e2nia. \u00cen plus fa\u021b\u0103 de personalul institutului, prezen\u021ba profesorilor invita\u021bi \u0219i participarea la diferite programe de schimb interna\u021bional contribuie, de asemenea, la formarea de calitate. Munca de succes este demonstrat\u0103, printre altele, de participarea excelent\u0103 a studen\u021bilor no\u0219tri la Conferin\u021bele Na\u021bionale \u0218tiin\u021bifice Studen\u021be\u0219ti din Ungaria (OTDK).<\/p>\n\n\n\n<p style=\"text-align:left\" class=\"has-medium-font-size\"><strong>Contact<\/strong><\/p>\n\n\n\n<p><strong>Adres\u0103<\/strong><br>Universitatea Babe\u0219-Bolyai<br>Facultatea de Istorie \u0219i Filosofie<br>Departamentul de Istorie \u00een Limba Maghiar\u0103<br>400088 Cluj-Napoca, Napoca nr. 11<br><br><strong>e-mail<br><\/strong>officetorci@gmail.com<br><\/p>\n","protected":false},"excerpt":{"rendered":"<p>Site-ul oficial al KMTI Directorconf. univ. dr. R\u00f3bert-Mikl\u00f3s Nagy Prodecan responsabil cu departamentul maghiarprof. univ. dr. Enik\u0151 R\u00fcsz-Fogarasi Secretar institutasist. dr. J\u00e1nos Fodor Consiliul institutului \u2022 dr. Lupescu M\u00e1ria-Magdolna\u2022 dr. Enik\u0151 R\u00fcsz-Fogarasi\u2022 dr. Kl\u00e1ra Pak\u00f3\u2022 dr. Nagy R\u00f3bert-Mikl\u00f3s\u2022 dr. Toth Solid Secretar al sec\u021biei maghiareRin Dawn Prezentare general\u0103 Institutul Maghiar de Istorie din Cluj-Napoca &#8211; &hellip; <\/p>\n<p class=\"link-more\"><a href=\"https:\/\/hiphi.ubbcluj.ro\/SD_ICC\/cercetare\/centre-de-cercetare\/kolozsvari-magyar-torteneti-intezet\/\" class=\"more-link\">Cite\u0219te mai multe<span class=\"screen-reader-text\">\u201eKolozsv\u00e1ri Magyar T\u00f6rten\u00e9ti Int\u00e9zet\u201d<\/span><\/a><\/p>\n","protected":false},"author":1,"featured_media":0,"parent":388,"menu_order":10,"comment_status":"closed","ping_status":"closed","template":"","meta":{"_inspiro_hide_title":false,"footnotes":""},"class_list":["post-467","page","type-page","status-publish","hentry"],"_links":{"self":[{"href":"https:\/\/hiphi.ubbcluj.ro\/SD_ICC\/wp-json\/wp\/v2\/pages\/467","targetHints":{"allow":["GET"]}}],"collection":[{"href":"https:\/\/hiphi.ubbcluj.ro\/SD_ICC\/wp-json\/wp\/v2\/pages"}],"about":[{"href":"https:\/\/hiphi.ubbcluj.ro\/SD_ICC\/wp-json\/wp\/v2\/types\/page"}],"author":[{"embeddable":true,"href":"https:\/\/hiphi.ubbcluj.ro\/SD_ICC\/wp-json\/wp\/v2\/users\/1"}],"replies":[{"embeddable":true,"href":"https:\/\/hiphi.ubbcluj.ro\/SD_ICC\/wp-json\/wp\/v2\/comments?post=467"}],"version-history":[{"count":6,"href":"https:\/\/hiphi.ubbcluj.ro\/SD_ICC\/wp-json\/wp\/v2\/pages\/467\/revisions"}],"predecessor-version":[{"id":677,"href":"https:\/\/hiphi.ubbcluj.ro\/SD_ICC\/wp-json\/wp\/v2\/pages\/467\/revisions\/677"}],"up":[{"embeddable":true,"href":"https:\/\/hiphi.ubbcluj.ro\/SD_ICC\/wp-json\/wp\/v2\/pages\/388"}],"wp:attachment":[{"href":"https:\/\/hiphi.ubbcluj.ro\/SD_ICC\/wp-json\/wp\/v2\/media?parent=467"}],"curies":[{"name":"wp","href":"https:\/\/api.w.org\/{rel}","templated":true}]}}