{"id":452,"date":"2021-09-07T15:45:14","date_gmt":"2021-09-07T15:45:14","guid":{"rendered":"http:\/\/hiphi.ubbcluj.ro\/SD_ICC_nou\/?page_id=452"},"modified":"2021-10-14T08:36:58","modified_gmt":"2021-10-14T08:36:58","slug":"institutul-de-istorie-ecleziastica-nicolae-bocsan","status":"publish","type":"page","link":"https:\/\/hiphi.ubbcluj.ro\/SD_ICC\/cercetare\/centre-de-cercetare\/institutul-de-istorie-ecleziastica-nicolae-bocsan\/","title":{"rendered":"Institutul de Istorie ecleziastic\u0103 \u201eNicolae Boc\u015fan\u201d"},"content":{"rendered":"\n<p style=\"color:#006851\" class=\"has-text-color has-medium-font-size\"><strong><a rel=\"noreferrer noopener\" aria-label=\"Site-ul oficial IE (se deschide \u00eentr-o fil\u0103 nou\u0103)\" href=\"http:\/\/histecclesiarum.institute.ubbcluj.ro\/Ro_index.htm\" target=\"_blank\">Site-ul oficial IE<\/a><\/strong><\/p>\n\n\n\n<p class=\"has-medium-font-size\"><strong>Director<\/strong><br>cercet\u0103tor \u015ftiin\u0163ific II dr. <strong>Cecilia C\u00e2rja <\/strong><\/p>\n\n\n\n<p><strong>Director onorific<\/strong><br>prof. univ. dr. <strong>Cesare Alzati<\/strong><\/p>\n\n\n\n<p><strong>Director executiv<br><\/strong>Cercet\u0103tor \u015ftiin\u0163ific II dr. <strong>Ioana Bonda <\/strong><\/p>\n\n\n\n<p><strong>Responsabil bibliotec\u0103 (fond de carte \u201eNicolae Boc\u015fan\u201d)<br>l<\/strong>ect. univ. dr. <strong>Lucian Turcu<\/strong><\/p>\n\n\n\n<p><strong>Consiliul \u0219tiin\u021bific<\/strong><br>\u2022  conf. univ. dr. <strong>Ana Victoria Sima<\/strong><br>\u2022  conf. univ. dr. <strong>Olga Luk\u00e1cs<\/strong><br>\u2022  conf. univ. dr. <strong>Ion C\u00e2rja<\/strong><br>\u2022  pr. conf. univ. dr. <strong>Gabriel G\u00e2rdan <\/strong><br>\u2022  CS II dr. <strong>Marius Eppel<\/strong><br>\u2022  CS III dr. <strong>Mirela Popa-Andrei<\/strong><br>\u2022  pr. conf. univ. dr. <strong>William Bleiziffer<\/strong><br><\/p>\n\n\n\n<p class=\"has-medium-font-size\"><strong>Membri<\/strong><\/p>\n\n\n\n<p>\u2022  prof. univ. dr. <strong>Cesare Alzati<\/strong><br>\u2022  pr. prof. univ. dr. <strong>Daniel Benga<\/strong><br>\u2022  prof. univ. dr. <strong>Paul Brusanowski<\/strong><br>\u2022  pr. prof. univ. dr. <strong>Ioan-Vasile Leb<\/strong><br>\u2022  pr. prof. univ. dr.<strong> Mihai S\u0103s\u0103ujan<\/strong><br>\u2022  pr. prof. univ. dr. <strong>Tam\u00e1s V\u00e9ghse\u0151<\/strong><br>\u2022  prof. univ. dr. <strong>Giuseppe Munarini<\/strong><br>\u2022  pr. prof. univ. dr. <strong>Cristian Barta<\/strong><br>\u2022  pr. conf. univ. dr. <strong>Gabriel Viorel G\u00e2rdan<\/strong><br>\u2022  pr. conf. univ. dr.<strong> Florin Dobrei<\/strong><br>\u2022  conf. univ. dr. <strong>Ana Victoria Sima<\/strong><br>\u2022  conf. univ. dr. <strong>Olga Luk\u00e1cs<\/strong><br>\u2022  conf. univ. dr. <strong>Ion C\u00e2rja<\/strong><br>\u2022  CS II dr. Ioana <strong>Mihaela Bonda<\/strong><br>\u2022  CS II dr. <strong>Cecilia C\u00e2rja<\/strong><br>\u2022  CS II dr. <strong>Marius Eppel<\/strong><br>\u2022  pr. lect. univ. dr. <strong>Daniel Alic<\/strong><br>\u2022  pr. conf. univ. dr. <strong>William Bleiziffer<\/strong><br>\u2022  pr. lect. univ. dr. <strong>Cosmin Cosmu\u0163a<\/strong><br>\u2022  CS II dr. <strong>Mirela Popa-Andrei<\/strong><br>\u2022  CS II dr. <strong>Daniela Dete\u015fan<\/strong> <br>\u2022  lect. univ. dr. <strong>Lucian Turcu<\/strong><br>\u2022  CS III dr. <strong>Mircea Gheorghe Abrudan<\/strong><br>\u2022  dr. <strong>Mihaela Bedecean<\/strong><br>\u2022  lect. univ. dr. <strong>Bogdan Ivanov<\/strong><br>\u2022  dr. <strong>Lauren\u0163iu M\u0103n\u0103stireanu<\/strong><br>\u2022  pr. dr. <strong>C\u0103t\u0103lin Varga<\/strong><br>\u2022  dr. <strong>Silviu-Constantin Nedelcu<\/strong><br>\u2022  dr. <strong>Silviu Sana<\/strong><br>\u2022  drd. <strong>Andrei P\u0103v\u0103lean<\/strong><br>\u2022  drd. <strong>Mihai-Octavian Groza<\/strong><br><\/p>\n\n\n\n<p class=\"has-medium-font-size\"><strong>Prezentare general\u0103<\/strong><\/p>\n\n\n\n<p>Institutul de Istorie Ecleziastic\u0103 &#8222;Nicolae Boc\u015fan&#8221;, \u00eenfiin\u0163at \u00een 2005, este o structur\u0103 de cercetare aflat\u0103 \u00een subordinea Rectoratului Universit\u0103\u0163ii Babe\u015f-Bolyai, care promoveaz\u0103 \u015fi stimuleaz\u0103 cercet\u0103rile de istorie ecleziastic\u0103 sub aspecte multiple (organizare, via\u0163\u0103 religioas\u0103, \u015fcoli confesionale, personalit\u0103\u0163i, rela\u0163iile Stat-Biseric\u0103, raporturi interconfesionale etc.) referitoare la toate confesiunile istorice din Rom\u00e2nia \u015fi din Europa Central-Oriental\u0103. \u00cen acest sens, \u00een cadrul Institutului sunt coopta\u0163i speciali\u015fti, cadre didactice, doctoranzi, masteranzi de la Facult\u0103\u0163ile de Istorie \u015fi Filosofie, Teologie Ortodox\u0103, Teologie Greco-Catolic\u0103, Teologie Romano-Catolic\u0103, Teologie Reformat\u0103 din cadrul Universit\u0103\u0163ii Babe\u015f-Bolyai. Institutul este deschis, de asemenea, speciali\u015ftilor proveni\u0163i de la alte facult\u0103\u0163i din afara universit\u0103\u0163ii clujene \u015fi de la diverse Institute de cercetare. Institutul de Istorie Ecleziastic\u0103 &#8222;Nicolae Boc\u015fan&#8221; colaboreaz\u0103 cu institu\u0163ii de profil din Europa \u015fi a stabilit rela\u0163ii concrete de parteneriat cu institute similare, precum Institutul Pontifical Oriental Roma (Italia); Colegiul Pontifical Pio Romeno, Roma (Italia), Institutul pentru cercetarea istoriei Imperiul Habsburgic Viena (Austria); Institutul de studiere a Cre\u015ftinismului Oriental Nijmegen (Olanda), Istituto per la Storia del Risorgimento Italiano (Gruppo Estero Romeno) sau cu universit\u0103\u0163i de prestigiu din Italia, precum Universit\u00e0 Roma Tre, Libera Universit\u00e0 Maria SS. Assunta (LUMSA) din Roma, Universitatea din Milano etc., integr\u00e2nd astfel cercetarea rom\u00e2neasc\u0103 \u00een circuitul \u015ftiin\u0163ific interna\u0163ional.<\/p>\n\n\n\n<p class=\"has-medium-font-size\"><strong>Obiective<\/strong><\/p>\n\n\n\n<p>Principalele obiective opera\u0163ionale ale Institutului de Istorie Ecleziastic\u0103 \u201eNicolae Boc\u015fan\u201d sunt:<br>\u2022    Desf\u0103\u015furarea unor programe de cercetare care vor fi concepute sub forma unor teme de analiz\u0103 \u015fi studiu repartizate pe grupuri constituite din cadre didactice, doctoranzi, masteranzi, cercet\u0103tori, pentru care se vor \u00eentocmi proiecte \u00een vederea ob\u0163inerii de finan\u0163\u0103ri, granturi, sponsoriz\u0103ri interne \u015fi interna\u0163ionale. Toate acestea se vor concretiza \u00een articole, studii par\u0163iale, lucr\u0103ri, baze de date, necesare unor analize \u015fi interpret\u0103ri menite s\u0103 reconstituie \u00een manier\u0103 comparativ\u0103 istoria celor mai semnificative confesiuni rom\u00e2ne\u015fti.<br>\u2022    Editarea unei colec\u0163ii de documente reunite sub numele Documenta Ecclesiastica, publicat\u0103 la editura Presa Universitar\u0103 Clujean\u0103. Colec\u0163ia cuprinde volume seriale de documente referitoare la istoria tuturor confesiunilor istorice rom\u00e2ne\u015fti. Fiecare serie documentar\u0103 va respecta criteriul tematic \u015fi cronologic, pentru a r\u0103spunde astfel normelor \u015ftiin\u0163ifice aflate \u00een vigoare, privind editarea \u015fi publicarea documentelor istorice. <br>\u2022    Organizarea de Colocvii \u015fi Simpozioane na\u0163ionale \u015fi interna\u0163ionale. Organizarea anual\u0103, \u00een colaborare cu institutele partenere, a unui colocviu sau a unui simpozion \u015ftiin\u0163ific cu participare na\u0163ional\u0103 \u015fi interna\u0163ional\u0103, care s\u0103 valorifice \u015fi s\u0103 introduc\u0103 \u00een circuitul \u015ftiin\u0163ific interna\u0163ional rezultatele cercet\u0103rilor ob\u0163inute \u00een cadrul acestui colectiv de cercetare. Organizarea unui ciclu de conferin\u0163e \u00een care s\u0103 fie puse \u00een circula\u0163ia istoriografic\u0103 cele mai recente rezultate ale cercet\u0103rilor efectuate de membrii Institutului.<br><br>Continu\u00e2nd programele \u015fi direc\u0163iile de cercetare ilustrate pe durata unui deceniu de activitate, Institutul de Istorie Ecleziastic\u0103 &#8222;Nicolae Boc\u015fan&#8221; \u00ee\u015fi propune s\u0103 ini\u0163ieze \u015fi s\u0103 faciliteze schimburi academice \u015fi \u015ftiin\u0163ifice cu profesori, doctoranzi, cercet\u0103tori din \u0163ar\u0103 \u015fi str\u0103in\u0103tate (deplas\u0103ri, stagii de documentare, contacte, achizi\u0163ii de carte \u015fi alte mijloace de cercetare, particip\u0103ri la colocvii \u015fi simpozioane interna\u0163ionale, etc.), s\u0103 ini\u0163ieze programe de cooperare cu Institute \u015ftiin\u0163ifice din \u0163ar\u0103 \u015fi str\u0103in\u0103tate care desf\u0103\u015foar\u0103 activit\u0103\u0163i similare, s\u0103 ini\u0163ieze \u015fi s\u0103 deruleze proiecte \u00een vederea sprijinirii cercet\u0103rii prin intermediul finan\u0163\u0103rilor ob\u0163inute din burse de cercetare, granturi, sponsoriz\u0103ri \u015fi alte mijloace de finan\u0163are \u00een vederea optimiz\u0103rii activit\u0103\u0163ii de cercetare.<\/p>\n\n\n\n<p class=\"has-medium-font-size\"><strong>Contact<\/strong><\/p>\n\n\n\n<p><strong>Adres\u0103<\/strong><br>str. Mihail Kog\u0103lniceanu nr. 1<br>CLUJ-NAPOCA, RO400084<br><br><strong>Tel<\/strong><br>0040-264-405-300<br><strong>Fax<\/strong><br>0040-264-591-906<br><br><strong>e-mail<\/strong><br>iie@ubbcluj.ro<\/p>\n","protected":false},"excerpt":{"rendered":"<p>Site-ul oficial IE Directorcercet\u0103tor \u015ftiin\u0163ific II dr. Cecilia C\u00e2rja Director onorificprof. univ. dr. Cesare Alzati Director executivCercet\u0103tor \u015ftiin\u0163ific II dr. Ioana Bonda Responsabil bibliotec\u0103 (fond de carte \u201eNicolae Boc\u015fan\u201d)lect. univ. dr. Lucian Turcu Consiliul \u0219tiin\u021bific\u2022 conf. univ. dr. Ana Victoria Sima\u2022 conf. univ. dr. Olga Luk\u00e1cs\u2022 conf. univ. dr. Ion C\u00e2rja\u2022 pr. conf. univ. dr. &hellip; <\/p>\n<p class=\"link-more\"><a href=\"https:\/\/hiphi.ubbcluj.ro\/SD_ICC\/cercetare\/centre-de-cercetare\/institutul-de-istorie-ecleziastica-nicolae-bocsan\/\" class=\"more-link\">Cite\u0219te mai multe<span class=\"screen-reader-text\">\u201eInstitutul de Istorie ecleziastic\u0103 \u201eNicolae Boc\u015fan\u201d\u201d<\/span><\/a><\/p>\n","protected":false},"author":1,"featured_media":0,"parent":388,"menu_order":9,"comment_status":"closed","ping_status":"closed","template":"","meta":{"_inspiro_hide_title":false,"footnotes":""},"class_list":["post-452","page","type-page","status-publish","hentry"],"_links":{"self":[{"href":"https:\/\/hiphi.ubbcluj.ro\/SD_ICC\/wp-json\/wp\/v2\/pages\/452","targetHints":{"allow":["GET"]}}],"collection":[{"href":"https:\/\/hiphi.ubbcluj.ro\/SD_ICC\/wp-json\/wp\/v2\/pages"}],"about":[{"href":"https:\/\/hiphi.ubbcluj.ro\/SD_ICC\/wp-json\/wp\/v2\/types\/page"}],"author":[{"embeddable":true,"href":"https:\/\/hiphi.ubbcluj.ro\/SD_ICC\/wp-json\/wp\/v2\/users\/1"}],"replies":[{"embeddable":true,"href":"https:\/\/hiphi.ubbcluj.ro\/SD_ICC\/wp-json\/wp\/v2\/comments?post=452"}],"version-history":[{"count":3,"href":"https:\/\/hiphi.ubbcluj.ro\/SD_ICC\/wp-json\/wp\/v2\/pages\/452\/revisions"}],"predecessor-version":[{"id":688,"href":"https:\/\/hiphi.ubbcluj.ro\/SD_ICC\/wp-json\/wp\/v2\/pages\/452\/revisions\/688"}],"up":[{"embeddable":true,"href":"https:\/\/hiphi.ubbcluj.ro\/SD_ICC\/wp-json\/wp\/v2\/pages\/388"}],"wp:attachment":[{"href":"https:\/\/hiphi.ubbcluj.ro\/SD_ICC\/wp-json\/wp\/v2\/media?parent=452"}],"curies":[{"name":"wp","href":"https:\/\/api.w.org\/{rel}","templated":true}]}}