{"id":440,"date":"2021-09-07T15:05:09","date_gmt":"2021-09-07T15:05:09","guid":{"rendered":"http:\/\/hiphi.ubbcluj.ro\/SD_ICC_nou\/?page_id=440"},"modified":"2021-10-14T08:35:27","modified_gmt":"2021-10-14T08:35:27","slug":"seminarul-de-antropologie-istorica","status":"publish","type":"page","link":"https:\/\/hiphi.ubbcluj.ro\/SD_ICC\/cercetare\/centre-de-cercetare\/seminarul-de-antropologie-istorica\/","title":{"rendered":"Seminarul de Antropologie Istoric\u0103"},"content":{"rendered":"\n<p style=\"color:#006851\" class=\"has-text-color has-medium-font-size\"><strong><a rel=\"noreferrer noopener\" aria-label=\"Site-ul oficial SAI (se deschide \u00eentr-o fil\u0103 nou\u0103)\" href=\"http:\/\/hiphi.ubbcluj.ro\/SAI\/\" target=\"_blank\">Site-ul oficial SAI<\/a><\/strong><\/p>\n\n\n\n<p class=\"has-medium-font-size\"><strong>Director<br><\/strong>prof. univ. dr. <strong>Toader Nicoar\u0103<\/strong><\/p>\n\n\n\n<p><strong>Seceretar \u0219tiin\u021bific <br><\/strong>\u2022  dr. <strong>Gheorghe Negustor<\/strong><br>\u2022  dr. <strong>Andrei Cri\u0219an<\/strong><br><br><strong>Consiliul \u0219tiin\u021bific<\/strong><br>\u2022  prof. univ. dr. <strong>Toader Nicoar\u0103<\/strong> &#8211; Universitatea Babe\u015f-Bolyai<br>\u2022  prof. univ. dr. <strong>Alexandru-Florin Platon<\/strong> \u2013 Universitatea \u201eAlexandru Ioan Cuza\u201d<br>\u2022  prof. univ. dr. <strong>Lauren\u0163iu Vlad<\/strong> \u2013 Universitatea Bucure\u015fti<br>\u2022  prof. univ. dr. <strong>Florica \u0218tef\u0103nescu<\/strong> \u2013 Universitatea din Oradea<br>\u2022  prof. univ. dr. <strong>Simona Nicoar\u0103<\/strong> \u2013 Universitatea Babe\u015f-Bolyai<\/p>\n\n\n\n<p class=\"has-medium-font-size\"><strong>Membri<\/strong><\/p>\n\n\n\n<p>\u2022  prof. univ. dr. <strong>Simona Nicoar\u0103<\/strong><br>Universitatea Babe\u015f-Bolyai<br><br>\u2022  prof. univ. dr. <strong>Ligia Livad\u0103-Cadeschi<\/strong><br>Universitatea Bucure\u015fti<br><br>\u2022  prof. univ. dr. Florica \u0218tef\u0103nescu<br>Universitatea din Oradea<br><br>\u2022  prof. univ. dr. Alexandru-Florin Platon<br>Universitatea \u201eAlexandru Ioan Cuza\u201d<br><br>\u2022  prof. univ. dr. <strong>Lauren\u0163iu Vlad<\/strong><br>Universitatea Bucure\u015fti<br><br>\u2022  prof. univ. dr. <strong>Toader Nicoar\u0103<\/strong><br>Universitatea Babe\u015f-Bolyai<br>\u2022  prof. univ. dr. <strong>Virgiliu B\u00eerl\u0103deanu<\/strong><br>Academia de \u0218tiin\u021be a Moldovei<br><br>\u2022  conf. univ. dr. <strong>Ludmila Cojocaru<\/strong><br>Universitatea de Stat din Moldova<br><br>\u2022  conf. univ. dr. <strong>Constantin B\u0103rbulescu<\/strong><br>Universitatea Babe\u015f-Bolyai<br><br>\u2022  C\u0218 III dr. <strong>Mihai Nicoar\u0103<\/strong><br>Universitatea Babe\u015f-Bolyai<br><br>\u2022  dr. <strong>Lidia Tr\u0103u\u0219an-Matu<\/strong><br>Universitatea Bucure\u015fti<br><br>\u2022  dr. <strong>Gheorghe Negustor<\/strong><br>Universitatea Babe\u015f-Bolyai<br><br>\u2022  dr. Andrei Ci\u0219an<br>Universitatea Babe\u015f-Bolyai<br><br>\u2022  drd. <strong>Mihai Negustor<\/strong><br>Universitatea Babe\u015f-Bolyai<br><br>\u2022  drd. <strong>Corina Brumaru<\/strong><br>Universitatea Babe\u015f-Bolyai<br><br>\u2022  drd. <strong>Clara Fulea<\/strong><br>Universitatea Babe\u015f-Bolyai<br><br>\u2022  drd. <strong>Lavinia-Anu\u021ba Moldovan<\/strong><br>Universitatea Babe\u0219-Bolyai<br><br>\u2022  drd. <strong>Ildik\u00f3-Lucia Aszalos<\/strong><br>Universitatea Babe\u015f-Bolyai<\/p>\n\n\n\n<p class=\"has-medium-font-size\"><strong>Prezentare general\u0103<\/strong><\/p>\n\n\n\n<p><em>Antropologia istoric\u0103<\/em>&nbsp;a devenit o disciplin\u0103 foarte dinamic\u0103 \u0219i foarte prezent\u0103 \u00een preocup\u0103rile istoricilor din marile istoriografii contemporane. Ca preocupare \u0219tiin\u021bific\u0103, ea \u00eencearc\u0103 s\u0103 r\u0103spund\u0103 la exigen\u021bele \u0219tiin\u021bifice ale timpului prezent \u0219i reprezint\u0103 \u00een acela\u0219i timp o \u00eencercare de deschidere a istoriografiei spre problemele actuale ale istoriei \u0219i istoricilor, dar \u00een egal\u0103 m\u0103sur\u0103 spre problemele societ\u0103\u021bilor contemporane care a\u0219teapt\u0103 de la \u0219tiin\u021bele umane \u0219i sociale rezolv\u0103ri globale \u0219i coerente ale experien\u021belor tr\u0103ite de societ\u0103\u021bile zilelor noastre. <br><br>A\u0219a cum se cunoa\u0219te, istoria a legat tot timpul un dialog cu \u0219tiin\u021bele sociale, cu \u0219tiin\u021bele omului \u0219i ale societ\u0103\u021bii, tocmai din nevoia acut resim\u021bit\u0103 de a oferi restituiri complexe \u0219i coerente despre om \u0219i societate. Or, de c\u00eeteva decenii, lucrurile au devenit evident mult mai clare, \u00een sensul c\u0103 \u00een ultimul timp a venit vremea unor raporturi mai str\u00e2nse cu antropologia, pentru recuperarea structurilor perene care \u021bin de straturile profunde, materiale, mentale \u0219i imaginare ale fiec\u0103rei societ\u0103\u021bi. Se vede ast\u0103zi cu mai mult\u0103 claritate c\u0103 \u00eentre trecut \u0219i prezent nu exist\u0103 nici un perete desp\u0103r\u021bitor, \u0219i c\u0103 societ\u0103\u021bile prezente recupereaz\u0103 pentru uzul propriu timpului prezent, \u0219i \u00eentr-o propor\u021bie mai consistent\u0103 de c\u00e2t s-a crezut, elemente de natur\u0103 material\u0103, dar mai ales mental\u0103 \u0219i imaginar\u0103 care vin din trecut. Un trecut mai apropiat sau mai \u00eendep\u0103rat, refasonat \u0219i remodelat dup\u0103 o alchimie complex\u0103, greu dac\u0103 nu imposibil de identificat \u0219i comensurat. Ca atare, antropologia istoric\u0103 a ajuns s\u0103 reprezinte ast\u0103zi locul de \u00eent\u00e2lnire a unor preocup\u0103ri multiple, care s-au dovedit convergente, \u0219i prin colaborarea c\u0103rora s-a ajuns la un plus de cunoa\u0219tere, la o valoare ad\u0103ugat\u0103 \u00een c\u00e2mpul \u0219tiin\u021belor umane \u0219i sociale. <\/p>\n\n\n\n<p class=\"has-medium-font-size\"><strong>Obiective<\/strong><\/p>\n\n\n\n<p>Seminarul \u00ee\u015fi propune cultivarea studiilor de antropologie istoric\u0103 aplicate realit\u0103\u0163ilor istorice rom\u00e2ne\u015fti \u00een rela\u0163ie cu istoria central \u015fi sud-est european\u0103 cu istoria european\u0103 \u015fi mondial\u0103.<br><br>Sprijin\u0103&nbsp;<em>Masteratul de socio-antropologie istoric\u0103.<\/em><br><br>Stimuleaz\u0103 interesul pentru o asemenea problematic\u0103 prin asumarea de c\u0103tre tinerii studio\u015fi a unor lucr\u0103ri de licen\u0163\u0103, masterat, doctorat pe problematicile antropologiei istorice<\/p>\n\n\n\n<p>Sus\u0163ine revista&nbsp;<em>Caiete de antropologie istoric\u0103<\/em>&nbsp;ca publica\u0163ie semestrial\u0103 a seminarului.<br>Editor \u015fi redactor \u015fef: Toader NICOAR\u0102<\/p>\n","protected":false},"excerpt":{"rendered":"<p>Site-ul oficial SAI Directorprof. univ. dr. Toader Nicoar\u0103 Seceretar \u0219tiin\u021bific \u2022 dr. Gheorghe Negustor\u2022 dr. Andrei Cri\u0219an Consiliul \u0219tiin\u021bific\u2022 prof. univ. dr. Toader Nicoar\u0103 &#8211; Universitatea Babe\u015f-Bolyai\u2022 prof. univ. dr. Alexandru-Florin Platon \u2013 Universitatea \u201eAlexandru Ioan Cuza\u201d\u2022 prof. univ. dr. Lauren\u0163iu Vlad \u2013 Universitatea Bucure\u015fti\u2022 prof. univ. dr. Florica \u0218tef\u0103nescu \u2013 Universitatea din Oradea\u2022 prof. &hellip; <\/p>\n<p class=\"link-more\"><a href=\"https:\/\/hiphi.ubbcluj.ro\/SD_ICC\/cercetare\/centre-de-cercetare\/seminarul-de-antropologie-istorica\/\" class=\"more-link\">Cite\u0219te mai multe<span class=\"screen-reader-text\">\u201eSeminarul de Antropologie Istoric\u0103\u201d<\/span><\/a><\/p>\n","protected":false},"author":1,"featured_media":0,"parent":388,"menu_order":6,"comment_status":"closed","ping_status":"closed","template":"","meta":{"_inspiro_hide_title":false,"footnotes":""},"class_list":["post-440","page","type-page","status-publish","hentry"],"_links":{"self":[{"href":"https:\/\/hiphi.ubbcluj.ro\/SD_ICC\/wp-json\/wp\/v2\/pages\/440","targetHints":{"allow":["GET"]}}],"collection":[{"href":"https:\/\/hiphi.ubbcluj.ro\/SD_ICC\/wp-json\/wp\/v2\/pages"}],"about":[{"href":"https:\/\/hiphi.ubbcluj.ro\/SD_ICC\/wp-json\/wp\/v2\/types\/page"}],"author":[{"embeddable":true,"href":"https:\/\/hiphi.ubbcluj.ro\/SD_ICC\/wp-json\/wp\/v2\/users\/1"}],"replies":[{"embeddable":true,"href":"https:\/\/hiphi.ubbcluj.ro\/SD_ICC\/wp-json\/wp\/v2\/comments?post=440"}],"version-history":[{"count":4,"href":"https:\/\/hiphi.ubbcluj.ro\/SD_ICC\/wp-json\/wp\/v2\/pages\/440\/revisions"}],"predecessor-version":[{"id":685,"href":"https:\/\/hiphi.ubbcluj.ro\/SD_ICC\/wp-json\/wp\/v2\/pages\/440\/revisions\/685"}],"up":[{"embeddable":true,"href":"https:\/\/hiphi.ubbcluj.ro\/SD_ICC\/wp-json\/wp\/v2\/pages\/388"}],"wp:attachment":[{"href":"https:\/\/hiphi.ubbcluj.ro\/SD_ICC\/wp-json\/wp\/v2\/media?parent=440"}],"curies":[{"name":"wp","href":"https:\/\/api.w.org\/{rel}","templated":true}]}}