{"id":420,"date":"2021-09-07T11:30:34","date_gmt":"2021-09-07T11:30:34","guid":{"rendered":"http:\/\/hiphi.ubbcluj.ro\/SD_ICC_nou\/?page_id=420"},"modified":"2021-12-23T15:44:35","modified_gmt":"2021-12-23T15:44:35","slug":"institutului-de-studii-central-europene","status":"publish","type":"page","link":"https:\/\/hiphi.ubbcluj.ro\/SD_ICC\/cercetare\/centre-de-cercetare\/institutului-de-studii-central-europene\/","title":{"rendered":"Institutului de Studii Central-Europene"},"content":{"rendered":"\n<p style=\"color:#006851\" class=\"has-text-color has-medium-font-size\"><a rel=\"noreferrer noopener\" aria-label=\"Site-ul oficial ISCE (se deschide \u00eentr-o fil\u0103 nou\u0103)\" href=\"http:\/\/hiphi.ubbcluj.ro\/isce\/\" target=\"_blank\"><strong>Site-ul oficial ISCE<\/strong><\/a><br><\/p>\n\n\n\n<p class=\"has-medium-font-size\"><strong>Director<\/strong><br>prof. univ. dr. <strong>Ovidiu Ghitta<\/strong><\/p>\n\n\n\n<p class=\"has-medium-font-size\"><strong>Membri<\/strong><\/p>\n\n\n\n<p>\u2022  <a rel=\"noreferrer noopener\" aria-label=\" (se deschide \u00eentr-o fil\u0103 nou\u0103)\" href=\"http:\/\/hiphi.ubbcluj.ro\/isce\/files\/public\/CV_Ovidiu-Ghitta.pdf\" target=\"_blank\">prof. univ. dr. Ovidiu Ghitta<\/a><br>\u2022  <a rel=\"noreferrer noopener\" aria-label=\" (se deschide \u00eentr-o fil\u0103 nou\u0103)\" href=\"http:\/\/hiphi.ubbcluj.ro\/isce\/files\/public\/CV_Radu-Marza.pdf\" target=\"_blank\">conf. univ. dr. Radu M\u00e2rza (director executiv)<\/a> <br>\u2022  <a rel=\"noreferrer noopener\" aria-label=\" (se deschide \u00eentr-o fil\u0103 nou\u0103)\" href=\"http:\/\/hiphi.ubbcluj.ro\/isce\/files\/public\/CV_Maria-Craciun.pdf\" target=\"_blank\">prof. univ. dr. Maria Cr\u0103ciun<\/a><br>\u2022  <a rel=\"noreferrer noopener\" aria-label=\" (se deschide \u00eentr-o fil\u0103 nou\u0103)\" href=\"http:\/\/hiphi.ubbcluj.ro\/isce\/files\/public\/CV_Greta-Miron.pdf\" target=\"_blank\">prof. univ. dr. Greta Miron<\/a><br>\u2022  <a href=\"http:\/\/hiphi.ubbcluj.ro\/isce\/files\/public\/CV_Carmen-Florea.pdf\">lect. univ. dr. Carmen Florea<\/a><br>\u2022  <a rel=\"noreferrer noopener\" aria-label=\" (se deschide \u00eentr-o fil\u0103 nou\u0103)\" href=\"http:\/\/hiphi.ubbcluj.ro\/isce\/files\/public\/CV_Cosmin-Rusu.pdf\" target=\"_blank\">lect. univ. dr. Cosmin Rusu<\/a><br>\u2022  <a rel=\"noreferrer noopener\" aria-label=\" (se deschide \u00eentr-o fil\u0103 nou\u0103)\" href=\"http:\/\/hiphi.ubbcluj.ro\/isce\/files\/public\/CV_Ciprian-Firea.pdf\" target=\"_blank\">dr. Ciprian Firea (cadru didactic asociat)<\/a><br>\u2022  drd. <a href=\"http:\/\/hiphi.ubbcluj.ro\/SD_ICC\/wp-content\/uploads\/2021\/12\/CV.pdf\" target=\"_blank\" rel=\"noreferrer noopener\" aria-label=\"Melinda Keresztes (se deschide \u00eentr-o fil\u0103 nou\u0103)\">Melinda Keresztes<\/a><br>\u2022  drd. <a rel=\"noreferrer noopener\" aria-label=\"Raluca Georgiana Cobuz (se deschide \u00eentr-o fil\u0103 nou\u0103)\" href=\"http:\/\/hiphi.ubbcluj.ro\/SD_ICC\/wp-content\/uploads\/2021\/12\/CV-Raluca-Cobuz-16-dec-2021.pdf\" target=\"_blank\">Raluca-Georgiana Cobuz<\/a> (membru asociat) <br>\u2022  drd. <a rel=\"noreferrer noopener\" aria-label=\"Tiberiu Ciorb\u0103 (se deschide \u00eentr-o fil\u0103 nou\u0103)\" href=\"http:\/\/hiphi.ubbcluj.ro\/SD_ICC\/wp-content\/uploads\/2021\/12\/CV-Tiberiu-Alexandru-Ciorba-2021.pdf\" target=\"_blank\">Tiberiu Ciorb\u0103<\/a> (membru asociat)<br><br><\/p>\n\n\n\n<p class=\"has-medium-font-size\"><strong>Prezentare general\u0103<\/strong><\/p>\n\n\n\n<p>Institutul de Studii Central-Europene a fost \u00eenfiin\u0163at \u00een anul 1990, prin hot\u0103r\u00e2rea din 2 noiembrie 1990 a Consiliului Profesoral al Facult\u0103\u0163ii de Istorie \u015fi Filosofie a UBB. Era atunci \u2013 \u015fi a r\u0103mas \u015fi azi &#8211; singurul institut din Rom\u00e2nia cu un asemenea profil. Ideea fond\u0103rii lui i-a apar\u0163inut profesorului Pompiliu Teodor, director al Institutului \u00eentre anii 1990-2001. A fost g\u00e2ndit \u00een rela\u0163ie str\u00e2ns\u0103 cu procesul instructiv-educativ, miza principal\u0103 fiind promovarea unei perspective\/problematici de cercetare \u015fi didactice capabile s\u0103 contribuie, \u00een ultim\u0103 instan\u0163\u0103, la \u00een\u0163elegerea mai nuan\u0163at\u0103, mai complex\u0103 a istoriei rom\u00e2nilor. Direc\u0163ia a fost fertil\u0103, concretiz\u00e2ndu-se \u00een numeroase teze de doctorat, articole consistente \u015fi c\u0103r\u0163i convergente prin tematic\u0103 marilor direc\u0163ii cultivate de institut. \u201eIstoria Bisericii \u015fi a vie\u0163ii religioase (sec. XVI-XVIII)\u201d, \u201eIstoria istoriografiei\u201d, \u201eElite \u015fi societate \u00een Europa Central\u0103 \u015fi R\u0103s\u0103ritean\u0103 \u00een Epoca Modern\u0103\u201d, \u201eMajoritari \u015fi minoritari \u00een Europa Central\u0103 \u015fi Oriental\u0103. Alteritate politic\u0103, social\u0103, cultural\u0103 \u015fi spiritual\u0103\u201d \u2013 sunt cele mai importante direc\u0163ii profilate \u015fi aprofundate de-a lungul anilor. Din colectivul Institutului au f\u0103cut parte profesori, masteranzi \u015fi doctoranzi din cadrul Facult\u0103\u0163ii de Istorie \u015fi Filosofie, dar \u015fi cercet\u0103tori de la diferite institu\u0163ii de \u00eenv\u0103\u0163\u0103m\u00e2nt universitar sau de cercetare din Cluj \u015fi din alte ora\u015fe ale Transilvaniei (Alba-Iulia, Oradea, T\u00e2rgu-Mure\u015f, Sibiu). Din anul 2001, director al Institutului este Ovidiu Ghitta. \u00cen acel an, Institutul de Studii Central-Europene a fost recunoscut drept centru de cercetare de c\u0103tre CNCSIS. A fost evaluat \u015fi \u00een cadrul UBB, cea mai recent\u0103 reacreditare fiind aceea din 2016, Institutul primind statutul de centru de cercetare.<br><br>Activitatea institutului a constat \u00een: <br>\u2022  organizarea unor simpozioane\/colocvii cu caracter na\u0163ional \u015fi interna\u0163ional (de exemplu cele din anii 1993, 1995, 1997, 1999, 2001, 2003, 2005, 2019); <br>\u2022  invitarea unor speciali\u015fti reputa\u0163i pentru a sus\u0163ine cicluri de prelegeri\/conferin\u0163e publice;  <br>\u2022  publicarea periodicului <em>Colloquia. Journal of Central-European Studies<\/em> (ap\u0103rut \u00eentre 1994-2013, indexat CEEOL);<br>\u2022  atragerea de fonduri prin granturi de cercetare (mai recent cele av\u00e2ndu-i ca directori pe Maria Cr\u0103ciun (2011-2016), Radu M\u00e2rza (2011-2014), sau proiecte Fellowship Star UBB Sergiu Gherghina (2020-2021);<br>\u2022  implicarea \u00een derularea programele de masterat \u201eSocietate, art\u0103, identit\u0103\u0163i \u00een Europa Central\u0103. De la medieval la modernitate\u201d \u015fi, \u00eencep\u00e2nd cu anul 2015, \u201ePatrimoniu \u015fi turism cultural\u201d.<\/p>\n\n\n\n<p>Institutul dispune de un spa\u0163iu propriu \u00een Cl\u0103direa Central\u0103 a UBB (Sala 309, dotat\u0103 cu Touchscreen Display \u015fi mobilat\u0103 adecvat), \u00een care se desf\u0103\u015foar\u0103 activit\u0103\u0163i didactice, se organizeaz\u0103 conferin\u0163e \u015fi se \u00eentrune\u015fte consiliul director al Institutului. Aici se g\u0103se\u0219te \u0219i biblioteca \u015fi arhiva acestuia.<\/p>\n\n\n\n<p class=\"has-medium-font-size\"><strong>Obiective<\/strong><\/p>\n\n\n\n<p>Prin proiecte, publica\u0163ii, conferin\u0163e, simpozioane \u015fi activitate didactic\u0103 armonizat\u0103 cu obiectivele sale, Institutul de Studii Central-Europene \u00ee\u015fi propune s\u0103 \u00eentre\u0163in\u0103 interesul de cercetare pentru acest cadru teritorial-istoric, cu particularit\u0103\u0163i de civiliza\u0163ie bine eviden\u0163iate deja istoriografic. Viz\u0103m \u00een continuare abordarea trecutului regiunii \u00een diferite registre de analiz\u0103 (patrimonial-material, institu\u0163ional, social, politic, ecleziastic-devo\u0163ional, cultural-artistic, identitar) \u015fi \u00eentr-un decupaj cronologic larg (de la Evul Mediu la secolul XX). Explorarea sistematic\u0103 a diferitelor fonduri arhivistice din Rom\u00e2nia \u015fi din str\u0103in\u0103tate, utilizarea \u015fi a altor categorii de surse (arheologice, vizuale, literare, orale), analizele \u00een cheie comparativ\u0103 \u015fi ancorarea \u00eentr-un orizont bibliografic, conceptual \u015fi metodologic contemporan sunt principale c\u0103i menite s\u0103 genereze cunoa\u015ftere \u015fi s\u0103 ne men\u0163in\u0103, prin contribu\u0163ii originale, \u00een aten\u0163ia speciali\u015ftilor \u00een domeniu. <br><br>Institutul urm\u0103re\u015fte s\u0103 stimuleze schimbul de idei \u015fi dezbaterile \u00eentre cercet\u0103tori din \u0163ar\u0103 \u015fi din afara ei, inclusiv concertarea lor \u00een proiecte comune de cercetare. Func\u0163ion\u00e2nd \u00een ambian\u0163\u0103 universitar\u0103, el va r\u0103m\u00e2ne implicat \u00een formarea unei resurse umane de calitate, prin masteratele de profil \u015fi programele doctorale \u00een care sunt angrena\u0163i membrii s\u0103i. Prelegeri \u015fi seminarii concepute ca laboratoare de lucru, exerci\u0163ii de paleografie, precum \u015fi proiecte de grup formative vor contribui la familiarizarea studen\u0163ilor cu instrumentarul studierii istoriei central-europene.<\/p>\n\n\n\n<p class=\"has-medium-font-size\"><strong>Contact<\/strong><\/p>\n\n\n\n<p><strong>Adres\u0103<\/strong><br>Universitatea &#8222;Babe\u015f-Bolyai&#8221;<br>Facultatea de Istorie \u015fi Filosofie<br>Str. Kog\u0103lniceanu nr. 1<br>400084 Cluj<br><br><strong>Tel \/ Fax<\/strong> <br>0040\/264\/431659<br><br><strong>e-mail<\/strong><br>isce_colloquia@yahoo.com <\/p>\n","protected":false},"excerpt":{"rendered":"<p>Site-ul oficial ISCE Directorprof. univ. dr. Ovidiu Ghitta Membri \u2022 prof. univ. dr. Ovidiu Ghitta\u2022 conf. univ. dr. Radu M\u00e2rza (director executiv) \u2022 prof. univ. dr. Maria Cr\u0103ciun\u2022 prof. univ. dr. Greta Miron\u2022 lect. univ. dr. Carmen Florea\u2022 lect. univ. dr. Cosmin Rusu\u2022 dr. Ciprian Firea (cadru didactic asociat)\u2022 drd. Melinda Keresztes\u2022 drd. Raluca-Georgiana Cobuz &hellip; <\/p>\n<p class=\"link-more\"><a href=\"https:\/\/hiphi.ubbcluj.ro\/SD_ICC\/cercetare\/centre-de-cercetare\/institutului-de-studii-central-europene\/\" class=\"more-link\">Cite\u0219te mai multe<span class=\"screen-reader-text\">\u201eInstitutului de Studii Central-Europene\u201d<\/span><\/a><\/p>\n","protected":false},"author":1,"featured_media":0,"parent":388,"menu_order":4,"comment_status":"closed","ping_status":"closed","template":"","meta":{"_inspiro_hide_title":false,"footnotes":""},"class_list":["post-420","page","type-page","status-publish","hentry"],"_links":{"self":[{"href":"https:\/\/hiphi.ubbcluj.ro\/SD_ICC\/wp-json\/wp\/v2\/pages\/420","targetHints":{"allow":["GET"]}}],"collection":[{"href":"https:\/\/hiphi.ubbcluj.ro\/SD_ICC\/wp-json\/wp\/v2\/pages"}],"about":[{"href":"https:\/\/hiphi.ubbcluj.ro\/SD_ICC\/wp-json\/wp\/v2\/types\/page"}],"author":[{"embeddable":true,"href":"https:\/\/hiphi.ubbcluj.ro\/SD_ICC\/wp-json\/wp\/v2\/users\/1"}],"replies":[{"embeddable":true,"href":"https:\/\/hiphi.ubbcluj.ro\/SD_ICC\/wp-json\/wp\/v2\/comments?post=420"}],"version-history":[{"count":19,"href":"https:\/\/hiphi.ubbcluj.ro\/SD_ICC\/wp-json\/wp\/v2\/pages\/420\/revisions"}],"predecessor-version":[{"id":1147,"href":"https:\/\/hiphi.ubbcluj.ro\/SD_ICC\/wp-json\/wp\/v2\/pages\/420\/revisions\/1147"}],"up":[{"embeddable":true,"href":"https:\/\/hiphi.ubbcluj.ro\/SD_ICC\/wp-json\/wp\/v2\/pages\/388"}],"wp:attachment":[{"href":"https:\/\/hiphi.ubbcluj.ro\/SD_ICC\/wp-json\/wp\/v2\/media?parent=420"}],"curies":[{"name":"wp","href":"https:\/\/api.w.org\/{rel}","templated":true}]}}