{"id":317,"date":"2021-09-05T14:14:05","date_gmt":"2021-09-05T14:14:05","guid":{"rendered":"http:\/\/hiphi.ubbcluj.ro\/SD_ICC_nou\/?page_id=317"},"modified":"2022-10-04T16:37:13","modified_gmt":"2022-10-04T16:37:13","slug":"gratie-an-iii","status":"publish","type":"page","link":"https:\/\/hiphi.ubbcluj.ro\/SD_ICC\/doctoranzi\/prelungire\/gratie-an-iii\/","title":{"rendered":"An III &#8211; Gra\u021bie"},"content":{"rendered":"\n<p class=\"has-medium-font-size\"><strong>Anul admiterii &#8211; 2016<\/strong><\/p>\n\n\n\n<p style=\"color:#006851\" class=\"has-text-color\"><strong>Be\u0219liu Lavinia-Lidia<br>Coordonator: prof. univ. dr. Doru RADOSAV<\/strong><\/p>\n\n\n\n<p class=\"has-small-font-size\"><strong>Titlul tezei<br><\/strong><em>Comunit\u0103\u021bile neoprotestante din jude\u021bele Ia\u0219i \u0219i Boto\u0219ani \u00eentre memorie \u0219i istorie. Trecerea de la comunism la democra\u021bie<br><\/em><br><strong>Comisia de \u00eendrumare<br><\/strong>C.\u0218. III dr. Lavinia Costea (Stan)<br>conf. univ. dr. Ionu\u021b Costea <br>conf. univ. dr. Valentin Orga<\/p>\n\n\n\n<p style=\"color:#006851\" class=\"has-text-color\"><strong>Bolea (c\u0103s. Grigoru\u021b) Ana-Maria<br>Coordonator: prof. univ. dr. Ovidiu GHITTA<\/strong><\/p>\n\n\n\n<p class=\"has-small-font-size\"><strong>Titlul tezei<br><\/strong><em>Arhiepiscopia greco-catolic\u0103 de Alba Iulia \u0219i F\u0103g\u0103ra\u0219 \u00een perioada 1940-1945<br><\/em><br><strong>Comisia de \u00eendrumare<br><\/strong>prof. univ. dr. Maria Cr\u0103ciun<br>prof. univ. dr. Greta Miron<br>conf. univ. dr. Ionu\u021b Costea <\/p>\n\n\n\n<p style=\"color:#006851\" class=\"has-text-color\"><strong>Boti\u0219 Florin Ovidiu<br>Coordonator: prof. univ. dr. Mihai B\u0102RBULESCU<\/strong><\/p>\n\n\n\n<p class=\"has-small-font-size\"><strong>Titlul tezei<br><\/strong><em>Produc\u021bia ceramic\u0103 \u0219i influen\u021bele produselor de import asupra atelierelor ceramice locale de la Histria \u00een perioada roman\u0103 timpurie (sec. I-III p. Chr.)<br><\/em><br><strong>Comisia de \u00eendrumare<br><\/strong>profesor emerit dr. Radu Ardevan<br>conf. univ. dr. Florin Fodorean<br>prof. univ. dr. Sorin Nemeti<\/p>\n\n\n\n<p style=\"color:#006851\" class=\"has-text-color\"><strong>Che\u021be (c\u0103s. V\u00e1ry) Florentina\u2013Maria<br>Coordonator: acad. prof. univ. dr. Ioan-Aurel POP<\/strong><\/p>\n\n\n\n<p class=\"has-small-font-size\"><strong>Titlul tezei<br><\/strong><em>Despre mecanismele violen\u021bei \u00een Fran\u021ba secolelor XIV-XVI<br><\/em><br><strong>Comisia de \u00eendrumare<br><\/strong>conf. univ. dr. Adinel Dinc\u0103<br>conf. univ. dr. Ionu\u021b Costea<br>conf. univ. dr. Radu M\u00e2rza <\/p>\n\n\n\n<p style=\"color:#006851\" class=\"has-text-color\"><strong>Ciorba Mihai<br>Coordonator: prof. univ. dr. R\u00dcSZ-FOGARASI Enik\u0151<\/strong><\/p>\n\n\n\n<p class=\"has-small-font-size\"><strong>Titlul tezei<br><\/strong><em>Structurile a\u0219ez\u0103rilor \u0219i ale peisajului din nordul Bihorului p\u00e2n\u0103 la c\u0103derea ora\u0219ului Oradea (1660)<br><\/em><br><strong>Comisia de \u00eendrumare<br><\/strong>prof. univ. dr. G\u00e1bor Sipos<br>conf. univ. dr. M\u00e1ria Lupescu Mak\u00f3<br>conf. univ. dr. Zsolt Moln\u00e1r-Kov\u00e1cs<\/p>\n\n\n\n<p style=\"color:#006851\" class=\"has-text-color\"><strong>Ciorba Tiberiu Alexandru<br>Coordonator: prof. univ. dr. Ovidiu GHITTA<\/strong><br><\/p>\n\n\n\n<p class=\"has-small-font-size\"><strong>Titlul tezei<br><\/strong><em>Organizarea episcopiei greco-catolice de Oradea \u00een secolul al XVIII-lea (1777-1787)<br><\/em> <br><strong>Comisia de \u00eendrumare<br><\/strong>prof. univ. dr. Maria Cr\u0103ciun<br>prof. univ. dr. Toader Nicoar\u0103<br>prof. univ. dr. Greta Miron<\/p>\n\n\n\n<p style=\"color:#006851\" class=\"has-text-color\"><strong>Ciurdar Cristian Vlad <br>Coordonator: conf. univ. dr. \u0218erban TURCU\u0218<\/strong><\/p>\n\n\n\n<p class=\"has-small-font-size\"><strong>Titlul tezei<br><\/strong><em>Evolu\u021bia conceptului de Imperiu \u00een spa\u021biul rom\u00e2nesc din epoca medieval\u0103 p\u00e2n\u0103 \u00een contemporaneitate<\/em><br><br><strong>Comisia de \u00eendrumare<br><\/strong>prof. univ. dr. Toader Nicoar\u0103<br>prof. univ. dr. Marcela S\u0103l\u0103gean<br>prof. univ. dr. Sorin Mitu<\/p>\n\n\n\n<p style=\"color:#006851\" class=\"has-text-color\"><strong>Furcovici Horia Petru<br>Coordonator: prof. univ. dr. Mihai B\u0102RBULESCU<\/strong><\/p>\n\n\n\n<p class=\"has-small-font-size\"><strong>Titlul tezei<br><\/strong><em>Graffiti ceramici \u00een zona Mun\u021bilor Or\u0103\u0219tiei<br><\/em><br><strong>Comisia de \u00eendrumare<br><\/strong>prof. univ. dr. Gelu Florea<br>conf. univ. dr. Florin Fodorean<br>prof. univ. dr. Sorin Nemeti<\/p>\n\n\n\n<p style=\"color:#006851\" class=\"has-text-color\"><strong>G\u00e1l Zs\u00f3fia<br>Coordonator: prof. univ. dr. P\u00c1L Judit<\/strong><\/p>\n\n\n\n<p class=\"has-small-font-size\"><strong>Titlul tezei<br><\/strong><em>Arhitectur\u0103 \u0219i urbanism \u00een Cluj (1867-1918)<br><\/em><br><strong>Comisia de \u00eendrumare<br><\/strong>lect. dr. Kov\u00e1cs Zsolt<br>conf. univ. dr. Nagy R\u00f3bert<br>lect. dr. P\u00e1l Emese <\/p>\n\n\n\n<p style=\"color:#006851\" class=\"has-text-color\"><strong>Gugiu (c\u0103s. M\u0103gureanu) Despina  <br>Coordonator: prof. univ. dr. Gelu FLOREA<\/strong><\/p>\n\n\n\n<p class=\"has-small-font-size\"><strong>Titlul tezei<br><\/strong><em>O biografie a a\u0219ez\u0103rii de la C\u00e2rlom\u0103ne\u0219ti, jud. Buz\u0103u (sec. II a. Chr \u2013 I a. Chr)<br><\/em><br><strong>Comisia de \u00eendrumare<br><\/strong>conf. univ. dr. Florin Fodorean<br>prof. univ. dr. Sorin Nemeti<br>lect. dr. Liliana Suciu-Mateescu<\/p>\n\n\n\n<p style=\"color:#006851\" class=\"has-text-color\"><strong>Horvat Marian-Alexandru<br>Coordonator: acad. prof. univ. dr. Ioan-Aurel POP<\/strong><\/p>\n\n\n\n<p class=\"has-small-font-size\"><strong>Titlul tezei<br><\/strong><em>Exploatarea s\u0103rii \u0219i dezvoltarea economic\u0103 a Dejului (sec. XIII-XVII)<br><\/em><br><strong>Comisia de \u00eendrumare<br><\/strong>conf. univ. dr. Adinel Dinc\u0103<br>conf. univ. dr. Ionu\u021b Costea<br>conf. univ. dr. Radu M\u00e2rza<\/p>\n\n\n\n<p style=\"color:#006851\" class=\"has-text-color\"><strong>Iancu Flaviu-Raul <br>Coordonator: conf. univ. dr. \u0218erban TURCU\u0218<\/strong><\/p>\n\n\n\n<p class=\"has-small-font-size\"><strong>Titlul tezei<br><\/strong><em>Percep\u0163ia diploma\u0163iei italiene \u015fi a diploma\u0163ilor italieni cu privire la concordatul \u00eentre Sf\u00e2ntul Scaun \u0219i Regatul Rom\u00e2niei<br><\/em><br><strong>Comisia de \u00eendrumare<br><\/strong>prof. univ. dr. Toader Nicoar\u0103<br>prof. univ. dr. Marcela S\u0103l\u0103gean<br>prof. univ. dr. Sorin Mitu<\/p>\n\n\n\n<p style=\"color:#006851\" class=\"has-text-color\"><strong>Iov Claudiu-Ionu\u0163<br>Coordonator: prof. univ. dr. Radu ARDEVAN<\/strong><\/p>\n\n\n\n<p class=\"has-small-font-size\"><strong>Titlul tezei<br><\/strong><em>Arme pentru lupta la distan\u021b\u0103 \u00een armata roman\u0103 din Dacia Poolissensis (sec. II-III p. Chr)<br><\/em><br><strong>Comisia de \u00eendrumare<br><\/strong>profesor emerit dr. Radu Ardevan<br>conf. univ. dr. Florin Fodorean<br>prof. univ. dr. Sorin Nemeti<\/p>\n\n\n\n<p style=\"color:#006851\" class=\"has-text-color\"><strong>Katj\u00e1r (c\u0103s. Lad\u00f3) T. Gy\u00f6ngyv\u00e9r<br>Coordonator: prof. univ. dr. R\u00dcSZ-FOGARASI Enik\u0151<\/strong><\/p>\n\n\n\n<p class=\"has-small-font-size\"><strong>Titlul tezei<\/strong><br><em>Politic\u0103 social\u0103 \u0219i \u00eengrijirea s\u0103racilor \u00een Clujul secolelor 17-18<br><\/em><br><strong>Comisia de \u00eendrumare<br><\/strong>Agnes Flora<br>conf. univ. dr. M\u00e1ria Lupescu Mak\u00f3<br>lect. dr. Andrea Feh\u00e9r<\/p>\n\n\n\n<p style=\"color:#006851\" class=\"has-text-color\"><strong>Katocz Zolt\u00e1n <br>Coordonator: conf. univ. dr. MOLN\u00c1R-KOV\u00c1CS Zsolt<\/strong><\/p>\n\n\n\n<p class=\"has-small-font-size\"><strong>Titlul tezei<br><\/strong><em>Cultura Baden \u00een Valea Ierii<br><\/em><br><strong>Comisia de \u00eendrumare<br><\/strong>prof. univ. dr. Florin Dra\u0219ovean<br>Istv\u00e1n Bajusz<br>conf. univ. dr. Florin Fodorean<\/p>\n\n\n\n<p style=\"color:#006851\" class=\"has-text-color\"><strong>Lad\u00f3  \u00c1rp\u00e1d &#8211; Gell\u00e9rt <br>Coordonator: prof. univ. dr. R\u00dcSZ-FOGARASI Enik\u0151<\/strong><\/p>\n\n\n\n<p class=\"has-small-font-size\"><strong>Titlul tezei<br><\/strong><em>Arme albe din perioada Angevin\u0103 \u00een lumina surselor scrise \u0219i materiale (tipologie-tehnologie-utilizare-context)<br><\/em><br><strong>Comisia de \u00eendrumare<br><\/strong>profesor emerit dr. G\u00e1bor Sipos<br>Elek Benk\u0151<br>conf. univ. dr. M\u00e1ria Lupescu Mak\u00f3<\/p>\n\n\n\n<p style=\"color:#006851\" class=\"has-text-color\"><strong>M\u00eendru\u021b\u0103u Marius Bogdan<br>Coordonator: prof. univ. dr. Gelu FLOREA<\/strong><\/p>\n\n\n\n<p class=\"has-small-font-size\"><strong>Titlul tezei<br><\/strong><em>Memoria vizual\u0103 a arheologiei. Fotografia documentar\u0103 arheologic\u0103 \u00een cercet\u0103rile de pe  \u0218antierul  Arheologic Cet\u0103\u021bile dacice din Mun\u021bii Or\u0103\u0219tie<br><\/em><br><strong>Comisia de \u00eendrumare<br><\/strong>prof. univ. dr. Sorin Mitu<br>prof. univ. dr. Sorin Nemeti<br>lect. dr. Liliana Suciu-Mateescu <\/p>\n\n\n\n<p style=\"color:#006851\" class=\"has-text-color\"><strong>Muhi Csilla  <br>Coordonator: prof. univ. dr. P\u00c1L Judit<\/strong><\/p>\n\n\n\n<p class=\"has-small-font-size\"><strong>Titlul tezei<br><\/strong><em>Urbanizare, politica ora\u0219ului \u0219i elita politico-administrativ\u0103 local\u0103 \u00een ora\u0219ul Satu Mare \u00eentre anii 1890-1914<br><\/em><br><strong>Comisia de \u00eendrumare<br><\/strong>profesor emerit dr. G\u00e1bor Sipos<br>prof. univ. dr. R\u00fcsz-Fogarasi Enik\u0151<br>conf. univ. dr. Nagy R\u00f3bert<\/p>\n\n\n\n<p style=\"color:#006851\" class=\"has-text-color\"><strong>Mure\u0219an Lucian-Mircea  <br>Coordonator: prof. univ. dr. Ioan PISO<\/strong><\/p>\n\n\n\n<p class=\"has-small-font-size\"><strong>Titlul tezei<br><\/strong><em>Dreptul funerar roman \u00een provinciile danubiene. Conflictul dintre teorie \u0219i practic\u0103<br><\/em><br><strong>Comisia de \u00eendrumare<br><\/strong>profesor emerit dr. Radu Ardevan<br>conf. univ. dr. Florin Fodorean<br>prof. univ. dr. Sorin Nemeti<\/p>\n\n\n\n<p style=\"color:#006851\" class=\"has-text-color\"><strong>Mure\u0219an Patricia-Smaranda<br>Coordonator: conf. univ. dr. Constantin B\u0102RBULESCU<\/strong><\/p>\n\n\n\n<p class=\"has-small-font-size\"><strong>Titlul tezei<br><\/strong><em>Evolu\u0163ia dansului tradi\u0163ional rom\u00e2nesc \u015fi apari\u0163ia spectacolului de folclor \u00een jude\u0163ul Bistri\u0163a-N\u0103s\u0103ud, sec. XX-XXI. Studiu de caz: Ansamblul Folcloric &#8222;Ciob\u0103na\u015ful&#8221; din \u015eieu\u0163 (1950 &#8211; prezent)<br><\/em><br><strong>Comisia de \u00eendrumare<br><\/strong>prof. univ. dr. Toader Nicoar\u0103<br>prof. univ. dr. Sorin Mitu<br>Eleonora Sava<\/p>\n\n\n\n<p style=\"color:#006851\" class=\"has-text-color\"><strong>Negustor Mihai<br>Coordonator: prof. univ. dr. Toader NICOAR\u0102<\/strong><\/p>\n\n\n\n<p class=\"has-small-font-size\"><strong>Titlul tezei<br><\/strong><em>Violen\u021b\u0103 \u0219i criminalitate \u00een Transilvania interbelic\u0103<br><\/em><br><strong>Comisia de \u00eendrumare<br><\/strong>prof. univ. dr. Marcela S\u0103l\u0103gean<br>prof. univ. dr. Ovidiu Ghitta<br>conf. univ. dr. Constantin B\u0103rbulescu<\/p>\n\n\n\n<p style=\"color:#006851\" class=\"has-text-color\"><strong>Nica Bogdan  <br>Coordonator: prof. univ. dr. Toader NICOAR\u0102<\/strong><\/p>\n\n\n\n<p class=\"has-small-font-size\"><strong>Titlul tezei<br><\/strong><em>O istorie social\u0103 a satului rom\u00e2nesc \u00een comunism. Studiu de caz: jude\u021bul Cluj, anii 70&#8242; &#8211; 80&#8242;<br><\/em><br><strong>Comisia de \u00eendrumare<br><\/strong>prof. univ. dr. Marcela S\u0103l\u0103gean<br>prof. univ. dr. Ovidiu Ghitta<br>conf. univ. dr. Constantin B\u0103rbulescu<\/p>\n\n\n\n<p style=\"color:#006851\" class=\"has-text-color\"><strong>Nyulas Dorottya<br>Coordonator: prof. univ. dr. Radu ARDEVAN<\/strong><\/p>\n\n\n\n<p class=\"has-small-font-size\"><strong>Titlul tezei<br><\/strong><em>Repararea, reciclarea \u0219i depozitarea obiectelor din metal \u00een Dacia roman\u0103<br><\/em><br><strong>Comisia de \u00eendrumare<br><\/strong>profesor emerit dr. Ioan Piso<br>conf. univ. dr. Florin Fodorean<br>prof. univ. dr. Sorin Nemeti <\/p>\n\n\n\n<p style=\"color:#006851\" class=\"has-text-color\"><strong>Pop Dorin-Gabriel <br>Coordonator: prof. univ. dr. Doru RADOSAV<\/strong><\/p>\n\n\n\n<p class=\"has-small-font-size\"><strong>Titlul tezei<br><\/strong>\u201eDictatul\u201d de la Viena \u00eentre istorie \u0219i memorie<br><br><strong>Comisia de \u00eendrumare<br><\/strong>C.\u0218. III dr. Lavinia Costea (Stan)<br>conf. univ. dr. Ionu\u021b Costea<br>conf. univ. dr. Valentin Orga<\/p>\n\n\n\n<p style=\"color:#006851\" class=\"has-text-color\"><strong>R\u0103chit\u0103 Mircea  <br>Coordonator: prof. univ. dr. Florin DRA\u0218OVEAN<\/strong><\/p>\n\n\n\n<p class=\"has-small-font-size\"><strong>Titlul tezei<br><\/strong><em>A\u0219ezarea neolitic\u0103 de la Iernut<br><\/em><br><strong>Comisia de \u00eendrumare<br><\/strong>profesor emerit dr. Radu Ardevan<br>prof. univ. dr. Gelu Florea<br>lect. dr. Liliana Suciu Mateescu<\/p>\n\n\n\n<p style=\"color:#006851\" class=\"has-text-color\"><strong>Szilagyi  \u00c9va-Andrea<br>Coordonator: prof. univ. dr. G\u00e1bor SIPOS<\/strong><\/p>\n\n\n\n<p class=\"has-small-font-size\"><strong>Titlul tezei<br><\/strong><em>Schimb\u0103rile de\u021bin\u0103torilor de posesiuni pe Valea Ierului \u00een secolul 18 \u0219i \u00eenceputul secolului 19<br><\/em><br><strong>Comisia de \u00eendrumare<br><\/strong>prof. univ. dr. P\u00e1l Judit<br>prof. univ. dr. R\u00fcsz-Fogarasi Enik\u0151 <br>profesor emerit dr. Kov\u00e1cs Andr\u00e1s <\/p>\n\n\n\n<p style=\"color:#006851\" class=\"has-text-color\"><strong>Talo\u0219 Teodor  <br>Coordonator: CS I dr. Coriolan-Hora\u021biu OPREAN<\/strong><\/p>\n\n\n\n<p class=\"has-small-font-size\"><strong>Titlul tezei<br><\/strong><em>Comer\u021b si transfer tehnologic pe limesul Nord-vestic al Daciei. O abordare pe baza analizei ceramicii<br><\/em><br><strong>Comisia de \u00eendrumare<br><\/strong>profesor emerit dr. Radu Ardevan<br>prof. univ. dr. Gelu Florea<br>prof. univ. dr. Sorin Nemeti<\/p>\n\n\n\n<p style=\"color:#006851\" class=\"has-text-color\"><strong>Trale\u0219 (c\u0103s. Arde\u021b)  Lucia-Carmen <br>Coordonator: prof. univ. dr. Mihai B\u0102RBULESCU<\/strong><\/p>\n\n\n\n<p class=\"has-small-font-size\"><strong>Titlul tezei<br><\/strong><em>Via\u021ba religioas\u0103 la Tibiscum \u00een secolele II &#8211; IV d. Chr<br><\/em><br><strong>Comisia de \u00eendrumare<br><\/strong>profesor emerit dr. Radu Ardevan<br>conf. univ. dr. Florin Fodorean<br>prof. univ. dr. Sorin Nemeti<\/p>\n\n\n\n<p style=\"color:#006851\" class=\"has-text-color\"><strong>Vasilache \u0218tefan<br>Coordonator: prof. univ. dr. Gelu FLOREA<\/strong><\/p>\n\n\n\n<p class=\"has-small-font-size\"><strong>Titlul tezei<\/strong><br><em>Managementul apei in Dacia preroman\u0103 cu privire special\u0103 asupra Sarmizegetusei Regia<\/em><br><br><strong>Comisia de \u00eendrumare<\/strong><br>conf. univ. dr. Florin Fodorean<br>prof. univ. dr. Sorin Nemeti<br>lect. dr. Liliana Suciu-Mateescu<\/p>\n","protected":false},"excerpt":{"rendered":"<p>Anul admiterii &#8211; 2016 Be\u0219liu Lavinia-LidiaCoordonator: prof. univ. dr. Doru RADOSAV Titlul tezeiComunit\u0103\u021bile neoprotestante din jude\u021bele Ia\u0219i \u0219i Boto\u0219ani \u00eentre memorie \u0219i istorie. Trecerea de la comunism la democra\u021bieComisia de \u00eendrumareC.\u0218. III dr. Lavinia Costea (Stan)conf. univ. dr. Ionu\u021b Costea conf. univ. dr. Valentin Orga Bolea (c\u0103s. Grigoru\u021b) Ana-MariaCoordonator: prof. univ. dr. Ovidiu GHITTA Titlul &hellip; <\/p>\n<p class=\"link-more\"><a href=\"https:\/\/hiphi.ubbcluj.ro\/SD_ICC\/doctoranzi\/prelungire\/gratie-an-iii\/\" class=\"more-link\">Cite\u0219te mai multe<span class=\"screen-reader-text\">\u201eAn III &#8211; Gra\u021bie\u201d<\/span><\/a><\/p>\n","protected":false},"author":1,"featured_media":0,"parent":122,"menu_order":3,"comment_status":"closed","ping_status":"closed","template":"","meta":{"_inspiro_hide_title":false,"footnotes":""},"class_list":["post-317","page","type-page","status-publish","hentry"],"_links":{"self":[{"href":"https:\/\/hiphi.ubbcluj.ro\/SD_ICC\/wp-json\/wp\/v2\/pages\/317","targetHints":{"allow":["GET"]}}],"collection":[{"href":"https:\/\/hiphi.ubbcluj.ro\/SD_ICC\/wp-json\/wp\/v2\/pages"}],"about":[{"href":"https:\/\/hiphi.ubbcluj.ro\/SD_ICC\/wp-json\/wp\/v2\/types\/page"}],"author":[{"embeddable":true,"href":"https:\/\/hiphi.ubbcluj.ro\/SD_ICC\/wp-json\/wp\/v2\/users\/1"}],"replies":[{"embeddable":true,"href":"https:\/\/hiphi.ubbcluj.ro\/SD_ICC\/wp-json\/wp\/v2\/comments?post=317"}],"version-history":[{"count":7,"href":"https:\/\/hiphi.ubbcluj.ro\/SD_ICC\/wp-json\/wp\/v2\/pages\/317\/revisions"}],"predecessor-version":[{"id":1579,"href":"https:\/\/hiphi.ubbcluj.ro\/SD_ICC\/wp-json\/wp\/v2\/pages\/317\/revisions\/1579"}],"up":[{"embeddable":true,"href":"https:\/\/hiphi.ubbcluj.ro\/SD_ICC\/wp-json\/wp\/v2\/pages\/122"}],"wp:attachment":[{"href":"https:\/\/hiphi.ubbcluj.ro\/SD_ICC\/wp-json\/wp\/v2\/media?parent=317"}],"curies":[{"name":"wp","href":"https:\/\/api.w.org\/{rel}","templated":true}]}}