{"id":313,"date":"2021-09-05T14:13:23","date_gmt":"2021-09-05T14:13:23","guid":{"rendered":"http:\/\/hiphi.ubbcluj.ro\/SD_ICC_nou\/?page_id=313"},"modified":"2023-02-01T14:01:50","modified_gmt":"2023-02-01T14:01:50","slug":"gratie-an-i","status":"publish","type":"page","link":"https:\/\/hiphi.ubbcluj.ro\/SD_ICC\/doctoranzi\/prelungire\/gratie-an-i\/","title":{"rendered":"An II &#8211; Gra\u021bie"},"content":{"rendered":"\n<p class=\"has-medium-font-size\"><strong>Anul admiterii &#8211; 2018<\/strong><\/p>\n\n\n\n<p style=\"color:#006851\" class=\"has-text-color\"><strong>Apetrei Ionela Sorina<\/strong><br><strong>Coordonator: prof. univ. dr. Marcela S\u0102L\u0102GEAN<\/strong><\/p>\n\n\n\n<p class=\"has-small-font-size\"><strong>Titlul tezei<\/strong><br><em>Societate, Etnicitate \u0219i Politic\u0103 \u00een Bosnia \u0219i Her\u021begovina<\/em><br><br><strong>Comisia de \u00eendrumare<\/strong><br>Ioan Manci <br>lect. dr. Mihai Croitor <br>lect. dr. Mihai Alexandrescu <\/p>\n\n\n\n<p style=\"color:#006851\" class=\"has-text-color\"><strong>Aszalos Ildiko-Lucia<\/strong><br><strong>Coordonator: prof. univ. dr. Simona NICOAR\u0102<\/strong><br><\/p>\n\n\n\n<p class=\"has-small-font-size\"><strong>Titlul tezei<br><\/strong><em>O istorie cultural\u0103  a \u021b\u0103r\u0103nimii rom\u00e2ne\u0219ti \u00eentre 1900-1948<br><\/em><br><strong>Comisia de \u00eendrumare<br><\/strong>prof. univ. dr. Sorin Mitu<br>prof. univ. dr. Marcela S\u0103l\u0103gean<br>conf. univ. dr. Constantin B\u0103rbulescu<\/p>\n\n\n\n<p style=\"color:#006851\" class=\"has-text-color\"><strong>Barab\u00e1s D\u00f3ra<br>Coordonator: prof. univ. dr. R\u00dcSZ-FOGARASI Enik\u0151<\/strong><\/p>\n\n\n\n<p class=\"has-small-font-size\"><strong>Titlul tezei<br><\/strong><em>Domenii \u0219i proprietari de domenii \u00een Mugeniul medieval \u0219i premodern \/ Birtokok \u00e9s birtokosok a k\u00f6z\u00e9pkori \u00e9s az \u00fajkori B\u00f6g\u00f6zben<\/em><br><br><strong>Comisia de \u00eendrumare<\/strong><br>prof. univ. dr. P\u00e1l Judit <br>conf. univ. dr. M\u00e1ria Lupescu Mak\u00f3<br>profesor emerit dr. G\u00e1bor Sipos<\/p>\n\n\n\n<p style=\"color:#006851\" class=\"has-text-color\"><strong>Bere Radu-Bogdan<\/strong><br><strong>Coordonator: prof. univ. dr. Mihai B\u0102RBULESCU<\/strong><\/p>\n\n\n\n<p class=\"has-small-font-size\"><strong>Titlul tezei<br><\/strong><em>Metalurgia \u00een Provincia Dacia<br><\/em><br><strong>Comisia de \u00eendrumare<\/strong><br>Sorin Coci\u0219<br>conf. univ. dr. Florin Fodorean<br>prof. univ. dr. Sorin Nemeti<\/p>\n\n\n\n<p style=\"color:#006851\" class=\"has-text-color\"><strong>Br\u00e2ndu\u0219an Lavinia Maria<\/strong><br><strong>Coordonator: CS I dr. Coriolan-Hora\u021biu OPREAN<\/strong><\/p>\n\n\n\n<p class=\"has-small-font-size\"><strong>Titlul tezei<\/strong><br><em>Transfer tehnologic \u0219i produc\u021bie local\u0103 \u00een industria ceramicii de secol II-IV \u00een C\u00e2mpia S\u0103tm\u0103rean\u0103<\/em><br><br><strong>Comisia de \u00eendrumare<\/strong><br>profesor emerit dr. Radu Ardevan<br>prof. univ. dr. Gelu Florea<br>lect. dr. Liliana Suciu Mateescu<\/p>\n\n\n\n<p style=\"color:#006851\" class=\"has-text-color\"><strong>Brumaru Corina<br>Coordonator: conf. univ. dr. Mihai T. NICOAR\u0102<\/strong><\/p>\n\n\n\n<p class=\"has-small-font-size\"><strong>Titlul tezei<br><\/strong><em>Marea Conferin\u021b\u0103 de Pace (1919-1920) \u0219i urmele ei pe harta istoriei. Cazul Rom\u00e2niei<\/em><br><strong><br>Comisia de \u00eendrumare<\/strong><br>conf. univ. dr. Constantin B\u0103rbulescu<br>prof. univ. dr. Marcela S\u0103l\u0103gean<br>prof. univ. dr. Maria Cr\u0103ciun <\/p>\n\n\n\n<p style=\"color:#006851\" class=\"has-text-color\"><strong>B\u00f3er Ilka<br>Coordonator: prof. univ. dr. R\u00dcSZ-FOGARASI Enik\u0151<\/strong><\/p>\n\n\n\n<p class=\"has-small-font-size\"><strong>Titlul tezei<\/strong><br><em>Cahle medievale \u0219i premoderne din Cluj-Napoca \u0219i \u00een \u00eemprejurimile lui<\/em><br><br><strong>Comisia de \u00eendrumare<\/strong><br>Elek Benk\u0151<br>conf. univ. dr. M\u00e1ria Lupescu Mak\u00f3<br>Bajusz Istv\u00e1n <\/p>\n\n\n\n<p style=\"color:#006851\" class=\"has-text-color\"><strong>Brae\u0219 M\u0103d\u0103lina Elena<\/strong><br><strong>Coordonator: prof. univ. dr. Ovidiu GHITTA<\/strong><\/p>\n\n\n\n<p class=\"has-small-font-size\"><strong>Titlul tezei<\/strong><br><em>Interna\u021bionalizarea Universit\u0103\u021bii Babe\u0219-Bolyai sub conducerea rectorului \u0218tefan Pascu<\/em><br><br><strong>Comisia de \u00eendrumare<\/strong><br>prof. univ. dr. Toader Nicoar\u0103<br>prof. univ. dr. Maria Cr\u0103ciun<br>prof. univ. dr. Virgiliu \u021a\u00e2r\u0103u<\/p>\n\n\n\n<p style=\"color:#006851\" class=\"has-text-color\"><strong>C\u0103s\u0103lean Adrian C\u0103t\u0103lin<br>Coordonator: prof. univ. dr. Gelu FLOREA<\/strong><\/p>\n\n\n\n<p class=\"has-small-font-size\"><strong>Titlul tezei <br><\/strong><em>Artefactele de sticl\u0103 din estul Bazinului Carpatic \u00een cea de-a doua epoc\u0103 a fierului<br><\/em><br><strong>Comisia de \u00eendrumare<\/strong><br>conf. univ. dr. Florin Fodorean<br>prof. univ. dr. Sorin Nemeti<br>lect. dr. Liliana Suciu-Mateescu <\/p>\n\n\n\n<p style=\"color:#006851\" class=\"has-text-color\"><strong>Chiorean Paul-Florin<\/strong><br><strong>Coordonator: conf. univ. dr. Florin FODOREAN<\/strong><\/p>\n\n\n\n<p class=\"has-small-font-size\"><strong>Titlul tezei<br><\/strong><em>Topografia Potaissei \u00een Epoca Roman\u0103<br><\/em><br><strong>Comisia de \u00eendrumare<br><\/strong>profesor emerit dr. Mihai B\u0103rbulescu<br>profesor emerit dr. Radu Ardevan<br>prof. univ. dr. Sorin Nemeti<\/p>\n\n\n\n<p style=\"color:#006851\" class=\"has-text-color\"><strong>Culda (c\u0103s. Morariu) Angela<br>Coordonator: prof. univ. dr. Sorin MITU<\/strong><\/p>\n\n\n\n<p class=\"has-small-font-size\"><strong>Titlul tezei<\/strong><br><em>Imaginea Chinei \u00een cultura rom\u00e2n\u0103<br><\/em><br><strong>Comisia de \u00eendrumare<br><\/strong>conf. univ. dr. Constantin B\u0103rbulescu<br>lect. dr. Lucian Turcu<br>lect. dr. Vlad Popovici<\/p>\n\n\n\n<p style=\"color:#006851\" class=\"has-text-color\"><strong>Dichel Oana Alina<\/strong><br><strong>Coordonator: prof. univ. dr. Gelu FLOREA<\/strong><\/p>\n\n\n\n<p class=\"has-small-font-size\"><strong>Titlul tezei<br><\/strong><em>Arheologia public\u0103 \u00een Rom\u00e2nia<br><\/em><br><strong>Comisia de \u00eendrumare<br><\/strong>conf. univ. dr. Florin Fodorean<br>prof. univ. dr. Sorin Nemeti<br>lect. dr. Liliana Suciu-Mateescu<\/p>\n\n\n\n<p style=\"color:#006851\" class=\"has-text-color\"><strong>Doce Ancu\u021ba Dumitri\u021ba<br>Coordonator: prof. univ. dr. Sorin MITU<\/strong><\/p>\n\n\n\n<p class=\"has-small-font-size\"><strong>Titlul tezei<br><\/strong><em>Na\u021bionalism \u0219i globalism \u00een Turcia contemporan\u0103<br><\/em><br><strong>Comisia de \u00eendrumare<br><\/strong>conf. univ. dr. Ion C\u00e2rja<br>lect. dr. Lucian Turcu<br>lect. dr. Vlad Popovici<\/p>\n\n\n\n<p style=\"color:#006851\" class=\"has-text-color\"><strong>Erdei (c\u0103s. Luk\u00e1cs) Ibolya<\/strong><br><strong>Coordonator: prof. univ. dr. R\u00dcSZ-FOGARASI Enik\u0151<\/strong><\/p>\n\n\n\n<p class=\"has-small-font-size\"><strong>Titlul tezei<br><\/strong><em>Construc\u021biile familiei Wesselenyi din Jibou (sec. XVII-XIX)<br><\/em><br><strong>Comisia de \u00eendrumare<br><\/strong>conf. univ. dr. M\u00e1ria Lupescu Mak\u00f3<br>lect. dr. Kov\u00e1cs Zsolt<br>Kl\u00e1ra Pak\u00f3<\/p>\n\n\n\n<p style=\"color:#006851\" class=\"has-text-color\"><strong>F\u0103g\u0103r\u0103\u0219an Silvia<br>Coordonator: prof. univ. dr. Maria CR\u0102CIUN<\/strong><\/p>\n\n\n\n<p class=\"has-small-font-size\"><strong>Titlul tezei<\/strong><br><em>Istorie, art\u0103, anatomie. Cercetare asupra ilustra\u021biei medicale \u00een Transilvania (sec. XV-XIX)<br><\/em><br><strong>Comisia de \u00eendrumare<br><\/strong>prof. univ. dr. Ovidiu Ghitta<br>conf. univ. dr. Ionu\u021b Costea<br>prof. univ. dr. Dan-Eugen Ra\u021biu<\/p>\n\n\n\n<p style=\"color:#006851\" class=\"has-text-color\"><strong>F\u00f6ldi Imelga-Friderika<br>Coordonator: prof. univ. dr. P\u00c1L Judit<\/strong><\/p>\n\n\n\n<p class=\"has-small-font-size\"><strong>Titlul tezei<br><\/strong><em>Arhitectura comunit\u0103\u021bilor ecleziastice evreie\u0219ti din Arad \u0219i Oradea (1867\u20131918)<br><\/em><br><strong>Comisia de \u00eendrumare<br><\/strong>lect. dr. Kov\u00e1cs Zsolt<br>conf. univ. dr. Nagy R\u00f3bert<br>lect. dr. Andrea Feh\u00e9r<\/p>\n\n\n\n<p style=\"color:#006851\" class=\"has-text-color\"><strong>G\u0103in\u0103 Toader Sorinel<\/strong><br><strong>Coordonator: prof. univ. dr. Doru RADOSAV<\/strong><\/p>\n\n\n\n<p class=\"has-small-font-size\"><strong>Titlul tezei<br><\/strong><em>Aparatul politic \u0219i structurile de informa\u021bii \u00een decembrie 1989 \u0219i politizarea acestora \u00een prima decad\u0103 postdecembrist\u0103<\/em><br><br><strong>Comisia de \u00eendrumare<br><\/strong>prof. univ. dr. Virgiliu \u021a\u00e2r\u0103u<br>C.\u0218. III dr. Lavinia Costea (Stan)<br>conf. univ. dr. Ionu\u021b Costea<\/p>\n\n\n\n<p style=\"color:#006851\" class=\"has-text-color\"><strong>G\u00e1l Edina-T\u00fcnde<\/strong><br><strong>Coordonator: prof. univ. dr. P\u00c1L Judit<\/strong><\/p>\n\n\n\n<p class=\"has-small-font-size\"><strong>Titlul tezei<br><\/strong><em>Orfelinate transilv\u0103nene \u00een transformare. Institu\u021bionalizarea ocrotirii orfanilor din secolul al XIX-lea p\u00e2n\u0103 la al doilea r\u0103zboi mondial<br><\/em><br><strong>Comisia de \u00eendrumare<br><\/strong>prof. univ. dr. R\u00fcsz-Fogarasi Enik\u0151  <br>conf. univ. dr. Nagy R\u00f3bert<br>lect. dr. Andrea Feh\u00e9r<\/p>\n\n\n\n<p style=\"color:#006851\" class=\"has-text-color\"><strong>Grozav (c\u0103s. Biri\u0219) Victoria<br>Coordonator: prof. univ. dr. Marcela S\u0102L\u0102GEAN<\/strong><\/p>\n\n\n\n<p class=\"has-small-font-size\"><strong>Titlul tezei<br><\/strong><em>\u00cenv\u0103\u021b\u0103m\u00e2ntul medical clujean \u00een epoca Gheorghe Gheorghiu-Dej<br><\/em><br><strong>Comisia de \u00eendrumare<br><\/strong>prof. univ. dr. Ioan Marius Bucur<br>conf. univ. dr. Mihai Nicoar\u0103<br>lect. dr. Mihai Croitor<\/p>\n\n\n\n<p style=\"color:#006851\" class=\"has-text-color\"><strong>Kov\u00e1cs-Ungv\u00e1ri Rebeka<\/strong><br><strong>Coordonator: prof. univ. dr. ROMSICS Ign\u00e1c<\/strong><\/p>\n\n\n\n<p class=\"has-small-font-size\"><strong>Titlul tezei<br><\/strong><em>Biografia politic\u0103 a lui Jakabffy Elem\u00e9r \/ Jakabffy Elem\u00e9r politikai \u00e9letrajza<\/em><br><em><br><\/em><strong>Comisia de \u00eendrumare<br><\/strong>conf. univ. dr. L\u0151nh\u00e1rt Tam\u00e1s <br>Szil\u00e1rd T\u00f3th<br>conf. univ. dr. Attila Hunyadi<\/p>\n\n\n\n<p style=\"color:#006851\" class=\"has-text-color\"><strong>Lup Marius Vasile<br>Coordonator: conf. univ. dr. Constantin B\u0102RBULESCU<\/strong><\/p>\n\n\n\n<p class=\"has-small-font-size\"><strong>Titlul tezei<\/strong><br><em>Mi\u0219care medical\u0103 \u0219i eugenism \u00een Transilvania, 1918-1948<\/em><br><em><br><\/em><strong>Comisia de \u00eendrumare<br><\/strong>prof. univ. dr. Toader Nicoar\u0103<br>prof. univ. dr. Sorin Mitu<br>lect. dr. Lucian Turcu<\/p>\n\n\n\n<p style=\"color:#006851\" class=\"has-text-color\"><strong>Moldovan Anu\u021ba-Lavinia<\/strong><br><strong>Coordonator: prof. univ. dr. Toader NICOAR\u0102<\/strong><\/p>\n\n\n\n<p class=\"has-small-font-size\"><strong>Titlul tezei<br><\/strong><em>Un transilv\u0103nean \u00een Vechiul Regat: Iuliu Moisil ( 1859-1947)<br><\/em><br><strong>Comisia de \u00eendrumare<br><\/strong>prof. univ. dr. Sorin Mitu<br>prof. univ. dr. Ovidiu Ghitta<br>conf. univ. dr. Constantin B\u0103rbulescu<\/p>\n\n\n\n<p style=\"color:#006851\" class=\"has-text-color\"><strong>Nagy P\u00e1l<br>Coordonator: prof. univ. dr. P\u00c1L Judit<\/strong><\/p>\n\n\n\n<p class=\"has-small-font-size\"><strong>Titlul tezei<br><\/strong><em>Gipsy population of Transylvania and Hungary in 1750 to 1893<br><\/em><br><strong>Comisia de \u00eendrumare<br><\/strong>profesor emerit dr. G\u00e1bor Sipos<br>conf. univ. dr. Nagy R\u00f3bert<br>lect. dr. Andrea Feh\u00e9r<\/p>\n\n\n\n<p style=\"color:#006851\" class=\"has-text-color\"><strong>Nemethi Noemi Adriana<br>Coordonator: prof. univ. dr. Maria CR\u0102CIUN<\/strong><\/p>\n\n\n\n<p class=\"has-small-font-size\"><strong>Titlul tezei<br><\/strong><em>Norm\u0103 \u015fi practic\u0103 religioas\u0103 \u020bn Evul Mediu. Cazul comunit\u0103\u0163ii germane de la Cisn\u0103die (jude\u0163ul Sibiu) \u020bn secolul al XV-lea<\/em><br><br><strong>Comisia de \u00eendrumare <br><\/strong>conf. univ. dr. Adinel Dinc\u0103<br>G\u00e1bor Csilla<br>lect. dr. Carmen Florea<\/p>\n\n\n\n<p style=\"color:#006851\" class=\"has-text-color\"><strong>P\u00e1ncz\u00e9l Szilam\u00e9r P\u00e9ter<br>Coordonator: prof. univ. dr. Radu ARDEVAN<\/strong><\/p>\n\n\n\n<p class=\"has-small-font-size\"><strong>Titlul tezei<br><\/strong><em>Artefactele din sticl\u0103 \u0219i os din teatraul antic de la Apollonia<br><\/em> <br><strong>Comisia de \u00eendrumare<\/strong><br>profesor emerit dr. Ioan Piso<br>conf. univ. dr. Florin Fodorean<br>prof. univ. dr. Sorin Nemeti<\/p>\n\n\n\n<p style=\"color:#006851\" class=\"has-text-color\"><strong>Pocol Andreea<br>Coordonator: prof. univ. dr. Maria CR\u0102CIUN<\/strong><\/p>\n\n\n\n<p class=\"has-small-font-size\"><strong>Titlul tezei<\/strong><br><em>Reprezentare \u0219i mediatizare a imaginii conduc\u0103torului \u00een portretistica central-european\u0103 a secolelor XV-XVII. Compara\u021bie \u00eentre portretele voievozilor Vlad \u021aepe\u0219, \u0218tefan cel Mare \u0219i cele ale regelui Matia Corvin<\/em><br><br><strong>Comisia de \u00eendrumare<\/strong> <br>prof. univ. dr. Greta Miron<br>conf. univ. dr. M\u00e1ria Lupescu Mak\u00f3<br>C.\u0218. III dr. Ciprian Firea<\/p>\n\n\n\n<p style=\"color:#006851\" class=\"has-text-color\"><strong>Popescu Alin Mihai<br>Coordonator: prof. univ. dr. Toader NICOAR\u0102<\/strong><\/p>\n\n\n\n<p class=\"has-small-font-size\"><strong>Titlul tezei<\/strong><br><em>Ideologii \u0219i mentalit\u0103\u021bi \u00een Rom\u00e2nia modern\u0103<br><\/em><br><strong>Comisia de \u00eendrumare<br><\/strong>prof. univ. dr. Sorin Mitu<br>prof. univ. dr. Ovidiu Ghitta<br>conf. univ. dr. Constantin B\u0103rbulescu<\/p>\n\n\n\n<p style=\"color:#006851\" class=\"has-text-color\"><strong>Pusk\u00e1s J\u00f3zsef<br>Coordonator: conf. univ. dr. MOLN\u00c1R-KOV\u00c1CS Zsolt<\/strong><\/p>\n\n\n\n<p class=\"has-small-font-size\"><strong>Titlul tezei<br><\/strong><em>Epoca bronzului t\u00e2rziu \u015fi \u00eenceputurile primei epoci a fierului \u00een bazinul R\u00e2ului Negru<br><\/em><br><strong>Comisia de \u00eendrumare<br><\/strong>prof. univ. dr. Florin Dra\u0219ovean<br>Istv\u00e1n Bajusz<br>prof. univ. dr. R\u00fcsz-Fogarasi Enik\u0151  <\/p>\n\n\n\n<p style=\"color:#006851\" class=\"has-text-color\"><strong>Rusu C\u0103t\u0103lin<\/strong><br><strong>Coordonator. acad. prof. univ. dr. Ioan-Aurel POP<\/strong><\/p>\n\n\n\n<p class=\"has-small-font-size\"><strong>Titlul tezei<br><\/strong><em>Influen\u021ba Papei Inocen\u021biu al IV-lea \u0219i a cardinalului Hostiensis \u00een doctrina documentelor papale cu referire la Transilvania (sec. XIII-XIV)<\/em><br><br><strong>Comisia de \u00eendrumare<br><\/strong>conf. univ. dr. Adinel Dinc\u0103<br>conf. univ. dr. Ionu\u021b Costea<br>conf. univ. dr. Radu M\u00e2rza<\/p>\n\n\n\n<p style=\"color:#006851\" class=\"has-text-color\"><strong>Sabou Natalia Vasilica<\/strong><br><strong>Coordonator: prof. univ. dr. Simona NICOAR\u0102<\/strong><\/p>\n\n\n\n<p class=\"has-small-font-size\"><strong>Titlul tezei<br><\/strong><em>Rom\u00e2nii de la Sudul Dun\u0103rii la \u00eenceputul secolului XX: macedorom\u00e2ni (arom\u00e2ni), meglenorom\u00e2nii, istrorom\u00e2nii (1900 -1940)<br><\/em><br><strong>Comisia de \u00eendrumare<br><\/strong>prof. univ. dr. Sorin Mitu<br>prof. univ. dr. Marcela S\u0103l\u0103gean<br>conf. univ. dr. Constantin B\u0103rbulescu<\/p>\n\n\n\n<p style=\"color:#006851\" class=\"has-text-color\"><strong>Szilagyi Orsolya<\/strong><br><strong>Coordonator: conf. univ. dr. Florin FODOREAN<\/strong><\/p>\n\n\n\n<p class=\"has-small-font-size\"><strong>Titlul tezei<br><\/strong><em>Contribu\u021bia \u0219colii maghiare de arheologie la cercetarea Daciei romane<\/em><br><em><br><\/em><strong>Comisia de \u00eendrumare<br><\/strong>profesor emerit dr. Mihai B\u0103rbulescu<br>profesor emerit dr. Radu Ardevan<br>conf. univ. dr. Eduard Nemeth<\/p>\n\n\n\n<p style=\"color:#006851\" class=\"has-text-color\"><strong>Topoliceanu Mirela<br>Coordonator: prof. univ. dr. Simona NICOAR\u0102<\/strong><\/p>\n\n\n\n<p class=\"has-small-font-size\"><strong>Titlul tezei<br><\/strong><em>De la \u201eArboroasa\u201d la \u201eJunimea\u201d: o istorie a societ\u0103\u021bilor studen\u021be\u0219ti bucovinene<br><\/em><br><strong>Comisia de \u00eendrumare<br><\/strong>prof. univ. dr. Sorin Mitu<br>prof. univ. dr. Marcela S\u0103l\u0103gean<br>conf. univ. dr. Constantin B\u0103rbulescu<\/p>\n\n\n\n<p style=\"color:#006851\" class=\"has-text-color\"><strong>Varga Istvan Attila<\/strong><br><strong>Coordonator: prof. univ. dr. Toader NICOAR\u0102<\/strong><\/p>\n\n\n\n<p style=\"text-align:left\" class=\"has-small-font-size\"><strong>Titlul tezei<br><\/strong><em>Atitudini \u00een fa\u0163a mor\u0163ii la protestan\u0163ii din Transilvania \u00een secolele XVII \u0219i XVIII<br><\/em><br><strong>Comisia de \u00eendrumare<br><\/strong>prof. univ. dr. R\u00fcsz-Fogarasi Enik\u0151 <br>prof. univ. dr. Ovidiu Ghitta<br>conf. univ. dr. Constantin B\u0103rbulescu<\/p>\n\n\n\n<p style=\"color:#006851\" class=\"has-text-color\"><strong>Vlase Dan-\u0218tefan<br>Coordonator: prof. univ. dr. Florin DRA\u0218OVEAN<\/strong><\/p>\n\n\n\n<p class=\"has-small-font-size\"><strong>Titlul tezei<br><\/strong><em>Investiga\u021bii fizico-chimice ale materialelor neolitice atribuite grupului cultural Foeni<br><\/em><br><strong>Comisia de \u00eendrumare<br><\/strong>profesor emerit dr. Radu Ardevan<br>prof. univ. dr. Gelu Florea<br>C.\u0218. I dr. hab. Coriolan-Hora\u021biu Oprean<br><\/p>\n\n\n\n<p><br><\/p>\n","protected":false},"excerpt":{"rendered":"<p>Anul admiterii &#8211; 2018 Apetrei Ionela SorinaCoordonator: prof. univ. dr. Marcela S\u0102L\u0102GEAN Titlul tezeiSocietate, Etnicitate \u0219i Politic\u0103 \u00een Bosnia \u0219i Her\u021begovina Comisia de \u00eendrumareIoan Manci lect. dr. Mihai Croitor lect. dr. Mihai Alexandrescu Aszalos Ildiko-LuciaCoordonator: prof. univ. dr. Simona NICOAR\u0102 Titlul tezeiO istorie cultural\u0103 a \u021b\u0103r\u0103nimii rom\u00e2ne\u0219ti \u00eentre 1900-1948Comisia de \u00eendrumareprof. univ. dr. Sorin Mituprof. &hellip; <\/p>\n<p class=\"link-more\"><a href=\"https:\/\/hiphi.ubbcluj.ro\/SD_ICC\/doctoranzi\/prelungire\/gratie-an-i\/\" class=\"more-link\">Cite\u0219te mai multe<span class=\"screen-reader-text\">\u201eAn II &#8211; Gra\u021bie\u201d<\/span><\/a><\/p>\n","protected":false},"author":1,"featured_media":0,"parent":122,"menu_order":1,"comment_status":"closed","ping_status":"closed","template":"","meta":{"_inspiro_hide_title":false,"footnotes":""},"class_list":["post-313","page","type-page","status-publish","hentry"],"_links":{"self":[{"href":"https:\/\/hiphi.ubbcluj.ro\/SD_ICC\/wp-json\/wp\/v2\/pages\/313","targetHints":{"allow":["GET"]}}],"collection":[{"href":"https:\/\/hiphi.ubbcluj.ro\/SD_ICC\/wp-json\/wp\/v2\/pages"}],"about":[{"href":"https:\/\/hiphi.ubbcluj.ro\/SD_ICC\/wp-json\/wp\/v2\/types\/page"}],"author":[{"embeddable":true,"href":"https:\/\/hiphi.ubbcluj.ro\/SD_ICC\/wp-json\/wp\/v2\/users\/1"}],"replies":[{"embeddable":true,"href":"https:\/\/hiphi.ubbcluj.ro\/SD_ICC\/wp-json\/wp\/v2\/comments?post=313"}],"version-history":[{"count":14,"href":"https:\/\/hiphi.ubbcluj.ro\/SD_ICC\/wp-json\/wp\/v2\/pages\/313\/revisions"}],"predecessor-version":[{"id":1739,"href":"https:\/\/hiphi.ubbcluj.ro\/SD_ICC\/wp-json\/wp\/v2\/pages\/313\/revisions\/1739"}],"up":[{"embeddable":true,"href":"https:\/\/hiphi.ubbcluj.ro\/SD_ICC\/wp-json\/wp\/v2\/pages\/122"}],"wp:attachment":[{"href":"https:\/\/hiphi.ubbcluj.ro\/SD_ICC\/wp-json\/wp\/v2\/media?parent=313"}],"curies":[{"name":"wp","href":"https:\/\/api.w.org\/{rel}","templated":true}]}}