{"id":2315,"date":"2026-02-17T09:15:26","date_gmt":"2026-02-17T09:15:26","guid":{"rendered":"https:\/\/hiphi.ubbcluj.ro\/SD_ICC\/?page_id=2315"},"modified":"2026-02-17T09:41:06","modified_gmt":"2026-02-17T09:41:06","slug":"contact","status":"publish","type":"page","link":"https:\/\/hiphi.ubbcluj.ro\/SD_ICC\/contact\/","title":{"rendered":"Contact"},"content":{"rendered":"\t\t<div data-elementor-type=\"wp-page\" data-elementor-id=\"2315\" class=\"elementor elementor-2315\">\n\t\t\t\t<div class=\"elementor-element elementor-element-02ca9f2 e-flex e-con-boxed elementor-invisible e-con e-parent\" data-id=\"02ca9f2\" data-element_type=\"container\" data-e-type=\"container\" data-settings=\"{&quot;animation&quot;:&quot;fadeInLeft&quot;}\">\n\t\t\t\t\t<div class=\"e-con-inner\">\n\t\t<div class=\"elementor-element elementor-element-8e00bf8 e-con-full e-flex e-con e-child\" data-id=\"8e00bf8\" data-element_type=\"container\" data-e-type=\"container\">\n\t\t\t\t<div class=\"elementor-element elementor-element-3f9867d elementor-widget elementor-widget-google_maps\" data-id=\"3f9867d\" data-element_type=\"widget\" data-e-type=\"widget\" data-widget_type=\"google_maps.default\">\n\t\t\t\t\t\t\t<div class=\"elementor-custom-embed\">\n\t\t\t<iframe loading=\"lazy\"\n\t\t\t\t\tsrc=\"https:\/\/maps.google.com\/maps?q=Institutul%20de%20Isotorie%20Nationala&#038;t=m&#038;z=15&#038;output=embed&#038;iwloc=near\"\n\t\t\t\t\ttitle=\"Institutul de Isotorie Nationala\"\n\t\t\t\t\taria-label=\"Institutul de Isotorie Nationala\"\n\t\t\t><\/iframe>\n\t\t<\/div>\n\t\t\t\t\t\t<\/div>\n\t\t\t\t<\/div>\n\t\t<div class=\"elementor-element elementor-element-059272f e-con-full e-flex e-con e-child\" data-id=\"059272f\" data-element_type=\"container\" data-e-type=\"container\">\n\t\t\t\t<div class=\"elementor-element elementor-element-54ebf0e elementor-widget elementor-widget-image\" data-id=\"54ebf0e\" data-element_type=\"widget\" data-e-type=\"widget\" data-widget_type=\"image.default\">\n\t\t\t\t\t\t\t\t\t\t\t\t\t\t\t<img decoding=\"async\" width=\"150\" height=\"150\" src=\"https:\/\/hiphi.ubbcluj.ro\/SD_ICC\/wp-content\/uploads\/2022\/09\/cropped-cropped-Sigla-ICC-2-150x150.png\" class=\"attachment-thumbnail size-thumbnail wp-image-1914\" alt=\"\" srcset=\"https:\/\/hiphi.ubbcluj.ro\/SD_ICC\/wp-content\/uploads\/2022\/09\/cropped-cropped-Sigla-ICC-2-150x150.png 150w, https:\/\/hiphi.ubbcluj.ro\/SD_ICC\/wp-content\/uploads\/2022\/09\/cropped-cropped-Sigla-ICC-2.png 250w\" sizes=\"100vw\" \/>\t\t\t\t\t\t\t\t\t\t\t\t\t\t\t<\/div>\n\t\t\t\t<div class=\"elementor-element elementor-element-4d9a495 elementor-widget elementor-widget-heading\" data-id=\"4d9a495\" data-element_type=\"widget\" data-e-type=\"widget\" data-widget_type=\"heading.default\">\n\t\t\t\t\t<h4 class=\"elementor-heading-title elementor-size-default\">DATE DE CONTACT<\/h4>\t\t\t\t<\/div>\n\t\t\t\t<div class=\"elementor-element elementor-element-f4cab1a elementor-widget elementor-widget-text-editor\" data-id=\"f4cab1a\" data-element_type=\"widget\" data-e-type=\"widget\" data-widget_type=\"text-editor.default\">\n\t\t\t\t\t\t\t\t\t<ul><li><strong>Adresa<\/strong>: Str. Napoca nr. 11 (intrarea se face de pe str. Fort\u0103re\u021bei), Institutul de Istorie Na\u021bional\u0103, parter, sala P9-P10;<\/li><li><strong>Mail<\/strong>:\u00a0<a href=\"mailto:gheorghe.negustor@ubbcluj.ro\">gheorghe.negustor@ubbcluj.ro<\/a>;<\/li><\/ul>\t\t\t\t\t\t\t\t<\/div>\n\t\t\t\t<\/div>\n\t\t\t\t\t<\/div>\n\t\t\t\t<\/div>\n\t\t<div class=\"elementor-element elementor-element-e9b946c e-flex e-con-boxed e-con e-parent\" data-id=\"e9b946c\" data-element_type=\"container\" data-e-type=\"container\">\n\t\t\t\t\t<div class=\"e-con-inner\">\n\t\t\t\t<div class=\"elementor-element elementor-element-d8dc6fe elementor-widget-divider--view-line elementor-widget elementor-widget-divider\" data-id=\"d8dc6fe\" data-element_type=\"widget\" data-e-type=\"widget\" data-widget_type=\"divider.default\">\n\t\t\t\t\t\t\t<div class=\"elementor-divider\">\n\t\t\t<span class=\"elementor-divider-separator\">\n\t\t\t\t\t\t<\/span>\n\t\t<\/div>\n\t\t\t\t\t\t<\/div>\n\t\t\t\t\t<\/div>\n\t\t\t\t<\/div>\n\t\t<div class=\"elementor-element elementor-element-8a9f61a e-flex e-con-boxed elementor-invisible e-con e-parent\" data-id=\"8a9f61a\" data-element_type=\"container\" data-e-type=\"container\" data-settings=\"{&quot;animation&quot;:&quot;fadeInUp&quot;}\">\n\t\t\t\t\t<div class=\"e-con-inner\">\n\t\t<div class=\"elementor-element elementor-element-eb30a36 e-con-full e-flex e-con e-child\" data-id=\"eb30a36\" data-element_type=\"container\" data-e-type=\"container\">\n\t\t\t\t<div class=\"elementor-element elementor-element-e587acb elementor-widget elementor-widget-heading\" data-id=\"e587acb\" data-element_type=\"widget\" data-e-type=\"widget\" data-widget_type=\"heading.default\">\n\t\t\t\t\t<h4 class=\"elementor-heading-title elementor-size-default\">Director: Prof. univ. dr. Gelu A. Florea <\/h4>\t\t\t\t<\/div>\n\t\t\t\t<div class=\"elementor-element elementor-element-ec21d5a elementor-widget elementor-widget-text-editor\" data-id=\"ec21d5a\" data-element_type=\"widget\" data-e-type=\"widget\" data-widget_type=\"text-editor.default\">\n\t\t\t\t\t\t\t\t\t<ul><li>Mail:\u00a0<a href=\"mailto:aurel.florea@ubbcluj.ro\">aurel.florea@ubbcluj.ro<\/a><\/li><li>Program de audien\u021be:<\/li><\/ul>\t\t\t\t\t\t\t\t<\/div>\n\t\t\t\t<\/div>\n\t\t<div class=\"elementor-element elementor-element-47258fd e-con-full e-flex e-con e-child\" data-id=\"47258fd\" data-element_type=\"container\" data-e-type=\"container\">\n\t\t\t\t<div class=\"elementor-element elementor-element-7a737bc elementor-widget elementor-widget-heading\" data-id=\"7a737bc\" data-element_type=\"widget\" data-e-type=\"widget\" data-widget_type=\"heading.default\">\n\t\t\t\t\t<h4 class=\"elementor-heading-title elementor-size-default\">Secretar \u0219tiin\u021bific: Dr. Gheorghe Negustor<\/h4>\t\t\t\t<\/div>\n\t\t\t\t<div class=\"elementor-element elementor-element-8761290 elementor-widget elementor-widget-text-editor\" data-id=\"8761290\" data-element_type=\"widget\" data-e-type=\"widget\" data-widget_type=\"text-editor.default\">\n\t\t\t\t\t\t\t\t\t<ul><li>Mail:\u00a0<a href=\"mailto:gheorghe.negustor@ubbcluj.ro\">gheorghe.negustor@ubbcluj.ro<\/a><\/li><\/ul><ul><li>Program cu publicul:<ul><li>Luni: 9-13;<\/li><li>Miercuri: 9-13;<\/li><li>Joi: 9-13;<\/li><\/ul><\/li><\/ul>\t\t\t\t\t\t\t\t<\/div>\n\t\t\t\t<\/div>\n\t\t\t\t\t<\/div>\n\t\t\t\t<\/div>\n\t\t<div class=\"elementor-element elementor-element-91bd29a e-flex e-con-boxed e-con e-parent\" data-id=\"91bd29a\" data-element_type=\"container\" data-e-type=\"container\">\n\t\t\t\t\t<div class=\"e-con-inner\">\n\t\t\t\t<div class=\"elementor-element elementor-element-087e865 elementor-widget elementor-widget-text-editor\" data-id=\"087e865\" data-element_type=\"widget\" data-e-type=\"widget\" data-widget_type=\"text-editor.default\">\n\t\t\t\t\t\t\t\t\t<p><strong>IMP<\/strong>: \u0218edin\u021bele \u0219i\/sau alte responsabilit\u0103\u021bi administrative pot afecta programul cu publicul afi\u0219at mai sus. Din acest motiv , v\u0103 rug\u0103m s\u0103 face\u021bi o programare, \u00een avans, la adresa de email specificat\u0103. V\u0103 mul\u021bumim!<\/p>\t\t\t\t\t\t\t\t<\/div>\n\t\t\t\t\t<\/div>\n\t\t\t\t<\/div>\n\t\t<div class=\"elementor-element elementor-element-c0ed62f e-flex e-con-boxed e-con e-parent\" data-id=\"c0ed62f\" data-element_type=\"container\" data-e-type=\"container\">\n\t\t\t\t\t<div class=\"e-con-inner\">\n\t\t<div class=\"elementor-element elementor-element-5304e57 e-con-full e-flex e-con e-child\" data-id=\"5304e57\" data-element_type=\"container\" data-e-type=\"container\">\n\t\t\t\t<\/div>\n\t\t<div class=\"elementor-element elementor-element-c229b45 e-con-full e-flex e-con e-child\" data-id=\"c229b45\" data-element_type=\"container\" data-e-type=\"container\">\n\t\t\t\t<\/div>\n\t\t<div class=\"elementor-element elementor-element-6c93121 e-con-full e-flex e-con e-child\" data-id=\"6c93121\" data-element_type=\"container\" data-e-type=\"container\">\n\t\t\t\t<\/div>\n\t\t\t\t\t<\/div>\n\t\t\t\t<\/div>\n\t\t\t\t<\/div>\n\t\t","protected":false},"excerpt":{"rendered":"<p>DATE DE CONTACT Adresa: Str. Napoca nr. 11 (intrarea se face de pe str. Fort\u0103re\u021bei), Institutul de Istorie Na\u021bional\u0103, parter, sala P9-P10; Mail:\u00a0gheorghe.negustor@ubbcluj.ro; Director: Prof. univ. dr. Gelu A. Florea Mail:\u00a0aurel.florea@ubbcluj.ro Program de audien\u021be: Secretar \u0219tiin\u021bific: Dr. Gheorghe Negustor Mail:\u00a0gheorghe.negustor@ubbcluj.ro Program cu publicul: Luni: 9-13; Miercuri: 9-13; Joi: 9-13; IMP: \u0218edin\u021bele \u0219i\/sau alte responsabilit\u0103\u021bi administrative &hellip; <\/p>\n<p class=\"link-more\"><a href=\"https:\/\/hiphi.ubbcluj.ro\/SD_ICC\/contact\/\" class=\"more-link\">Cite\u0219te mai multe<span class=\"screen-reader-text\">\u201eContact\u201d<\/span><\/a><\/p>\n","protected":false},"author":1,"featured_media":0,"parent":0,"menu_order":0,"comment_status":"closed","ping_status":"closed","template":"","meta":{"_inspiro_hide_title":false,"footnotes":""},"class_list":["post-2315","page","type-page","status-publish","hentry"],"_links":{"self":[{"href":"https:\/\/hiphi.ubbcluj.ro\/SD_ICC\/wp-json\/wp\/v2\/pages\/2315","targetHints":{"allow":["GET"]}}],"collection":[{"href":"https:\/\/hiphi.ubbcluj.ro\/SD_ICC\/wp-json\/wp\/v2\/pages"}],"about":[{"href":"https:\/\/hiphi.ubbcluj.ro\/SD_ICC\/wp-json\/wp\/v2\/types\/page"}],"author":[{"embeddable":true,"href":"https:\/\/hiphi.ubbcluj.ro\/SD_ICC\/wp-json\/wp\/v2\/users\/1"}],"replies":[{"embeddable":true,"href":"https:\/\/hiphi.ubbcluj.ro\/SD_ICC\/wp-json\/wp\/v2\/comments?post=2315"}],"version-history":[{"count":29,"href":"https:\/\/hiphi.ubbcluj.ro\/SD_ICC\/wp-json\/wp\/v2\/pages\/2315\/revisions"}],"predecessor-version":[{"id":2349,"href":"https:\/\/hiphi.ubbcluj.ro\/SD_ICC\/wp-json\/wp\/v2\/pages\/2315\/revisions\/2349"}],"wp:attachment":[{"href":"https:\/\/hiphi.ubbcluj.ro\/SD_ICC\/wp-json\/wp\/v2\/media?parent=2315"}],"curies":[{"name":"wp","href":"https:\/\/api.w.org\/{rel}","templated":true}]}}