{"id":1888,"date":"2023-11-06T08:37:48","date_gmt":"2023-11-06T08:37:48","guid":{"rendered":"https:\/\/hiphi.ubbcluj.ro\/SD_ICC\/?page_id=1888"},"modified":"2024-05-24T06:23:08","modified_gmt":"2024-05-24T06:23:08","slug":"anul-2023-2024","status":"publish","type":"page","link":"https:\/\/hiphi.ubbcluj.ro\/SD_ICC\/anul-2023-2024\/","title":{"rendered":"Anul 2023-2024"},"content":{"rendered":"\n<div class=\"wp-block-media-text alignwide is-stacked-on-mobile\" style=\"grid-template-columns:40% auto\"><figure class=\"wp-block-media-text__media\"><img fetchpriority=\"high\" decoding=\"async\" width=\"724\" height=\"1024\" src=\"https:\/\/hiphi.ubbcluj.ro\/SD_ICC\/wp-content\/uploads\/2023\/11\/Afis-Istoria-si-literatura-WEB-724x1024-1.jpg\" alt=\"\" class=\"wp-image-1898 size-full\" srcset=\"https:\/\/hiphi.ubbcluj.ro\/SD_ICC\/wp-content\/uploads\/2023\/11\/Afis-Istoria-si-literatura-WEB-724x1024-1.jpg 724w, https:\/\/hiphi.ubbcluj.ro\/SD_ICC\/wp-content\/uploads\/2023\/11\/Afis-Istoria-si-literatura-WEB-724x1024-1-212x300.jpg 212w\" sizes=\"(max-width: 724px) 100vw, 724px\" \/><\/figure><div class=\"wp-block-media-text__content\">\n<p>Colocviu<br><br><strong><em>Istoria \u0219i literatura. Teritorii conexe \u0219i \u00eent\u00e2lniri fertile<\/em><\/strong><br><br>13-14 octombrie 2023<br><br>Programul colocviului <a rel=\"noreferrer noopener\" href=\"https:\/\/hiphi.ubbcluj.ro\/SD_ICC\/wp-content\/uploads\/2023\/11\/Interior_Program_TIPAR.pdf\" target=\"_blank\">AICI<\/a><\/p>\n<\/div><\/div>\n\n\n\n<div class=\"wp-block-media-text alignwide is-stacked-on-mobile is-style-default\" style=\"grid-template-columns:40% auto\"><figure class=\"wp-block-media-text__media\"><img decoding=\"async\" width=\"724\" height=\"1024\" src=\"https:\/\/hiphi.ubbcluj.ro\/SD_ICC\/wp-content\/uploads\/2023\/11\/Afis-conferinta_page-0001-1-724x1024.jpg\" alt=\"\" class=\"wp-image-1889 size-full\" srcset=\"https:\/\/hiphi.ubbcluj.ro\/SD_ICC\/wp-content\/uploads\/2023\/11\/Afis-conferinta_page-0001-1-724x1024.jpg 724w, https:\/\/hiphi.ubbcluj.ro\/SD_ICC\/wp-content\/uploads\/2023\/11\/Afis-conferinta_page-0001-1-212x300.jpg 212w, https:\/\/hiphi.ubbcluj.ro\/SD_ICC\/wp-content\/uploads\/2023\/11\/Afis-conferinta_page-0001-1-768x1086.jpg 768w, https:\/\/hiphi.ubbcluj.ro\/SD_ICC\/wp-content\/uploads\/2023\/11\/Afis-conferinta_page-0001-1-1086x1536.jpg 1086w, https:\/\/hiphi.ubbcluj.ro\/SD_ICC\/wp-content\/uploads\/2023\/11\/Afis-conferinta_page-0001-1.jpg 1241w\" sizes=\"(max-width: 724px) 100vw, 724px\" \/><\/figure><div class=\"wp-block-media-text__content\">\n<p class=\"has-text-align-left\">Conferin\u0163a interna\u021bional\u0103 a doctoranzilor \u00een istorie<br>International Conference Of The Doctoral School In History<br><br><strong><em>Rev\u0103z\u00e2nd Revezionismul: Paradigme, Modele Interpretative \u0219i Instrumente Euristice \u00een Cercetarea Istoric\u0103<\/em><\/strong> <strong><em>\/ Revising Revisionism: Paradigms, Interpretative Models And Heuristic Tools In Historical Research<\/em><\/strong><br><br>9-11 noiembrie 2023<br><br>Programul conferin\u021bei <a href=\"https:\/\/hiphi.ubbcluj.ro\/SD_ICC\/wp-content\/uploads\/2023\/11\/Programul-conferintei-Conference-Program.pdf\" target=\"_blank\" rel=\"noreferrer noopener\">AICI<\/a><br>Rezumatele participan\u021bilor AICI<\/p>\n<\/div><\/div>\n\n\n\n<div class=\"wp-block-media-text alignwide is-stacked-on-mobile\" style=\"grid-template-columns:40% auto\"><figure class=\"wp-block-media-text__media\"><img decoding=\"async\" width=\"724\" height=\"1024\" src=\"https:\/\/hiphi.ubbcluj.ro\/SD_ICC\/wp-content\/uploads\/2024\/05\/AFIS_final_page-0001-724x1024.jpg\" alt=\"\" class=\"wp-image-2125 size-full\" srcset=\"https:\/\/hiphi.ubbcluj.ro\/SD_ICC\/wp-content\/uploads\/2024\/05\/AFIS_final_page-0001-724x1024.jpg 724w, https:\/\/hiphi.ubbcluj.ro\/SD_ICC\/wp-content\/uploads\/2024\/05\/AFIS_final_page-0001-212x300.jpg 212w, https:\/\/hiphi.ubbcluj.ro\/SD_ICC\/wp-content\/uploads\/2024\/05\/AFIS_final_page-0001-768x1086.jpg 768w, https:\/\/hiphi.ubbcluj.ro\/SD_ICC\/wp-content\/uploads\/2024\/05\/AFIS_final_page-0001-1087x1536.jpg 1087w, https:\/\/hiphi.ubbcluj.ro\/SD_ICC\/wp-content\/uploads\/2024\/05\/AFIS_final_page-0001-1449x2048.jpg 1449w, https:\/\/hiphi.ubbcluj.ro\/SD_ICC\/wp-content\/uploads\/2024\/05\/AFIS_final_page-0001-2000x2827.jpg 2000w, https:\/\/hiphi.ubbcluj.ro\/SD_ICC\/wp-content\/uploads\/2024\/05\/AFIS_final_page-0001-scaled.jpg 1811w\" sizes=\"(max-width: 724px) 100vw, 724px\" \/><\/figure><div class=\"wp-block-media-text__content\">\n<p>Ex-Cathedra: Prelegerile \u0218colii Doctorale<br><br><strong><em>Intersections. Reflections of Hohn of Capestrano in Hungary and Transylvania<\/em><\/strong><br><br>3 noiembrie 2023<\/p>\n<\/div><\/div>\n\n\n\n<div class=\"wp-block-media-text alignwide is-stacked-on-mobile\" style=\"grid-template-columns:40% auto\"><figure class=\"wp-block-media-text__media\"><img loading=\"lazy\" decoding=\"async\" width=\"724\" height=\"1024\" src=\"https:\/\/hiphi.ubbcluj.ro\/SD_ICC\/wp-content\/uploads\/2024\/05\/Norma-Bassett-Hall-and-The-History-of-Woodcut-in-America-1900-1950_page-0001-724x1024.jpg\" alt=\"\" class=\"wp-image-2123 size-full\" srcset=\"https:\/\/hiphi.ubbcluj.ro\/SD_ICC\/wp-content\/uploads\/2024\/05\/Norma-Bassett-Hall-and-The-History-of-Woodcut-in-America-1900-1950_page-0001-724x1024.jpg 724w, https:\/\/hiphi.ubbcluj.ro\/SD_ICC\/wp-content\/uploads\/2024\/05\/Norma-Bassett-Hall-and-The-History-of-Woodcut-in-America-1900-1950_page-0001-212x300.jpg 212w, https:\/\/hiphi.ubbcluj.ro\/SD_ICC\/wp-content\/uploads\/2024\/05\/Norma-Bassett-Hall-and-The-History-of-Woodcut-in-America-1900-1950_page-0001-768x1086.jpg 768w, https:\/\/hiphi.ubbcluj.ro\/SD_ICC\/wp-content\/uploads\/2024\/05\/Norma-Bassett-Hall-and-The-History-of-Woodcut-in-America-1900-1950_page-0001-1086x1536.jpg 1086w, https:\/\/hiphi.ubbcluj.ro\/SD_ICC\/wp-content\/uploads\/2024\/05\/Norma-Bassett-Hall-and-The-History-of-Woodcut-in-America-1900-1950_page-0001-1448x2048.jpg 1448w, https:\/\/hiphi.ubbcluj.ro\/SD_ICC\/wp-content\/uploads\/2024\/05\/Norma-Bassett-Hall-and-The-History-of-Woodcut-in-America-1900-1950_page-0001-2000x2829.jpg 2000w, https:\/\/hiphi.ubbcluj.ro\/SD_ICC\/wp-content\/uploads\/2024\/05\/Norma-Bassett-Hall-and-The-History-of-Woodcut-in-America-1900-1950_page-0001-scaled.jpg 1810w\" sizes=\"(max-width: 724px) 100vw, 724px\" \/><\/figure><div class=\"wp-block-media-text__content\">\n<p>Ex-Cathedra: Prelegerile \u0218colii Doctorale<br><br><strong><em>Norma Bassett Hall and The History of Woodcut in America, 1900-1950<\/em><\/strong><br><br>13 martie 2024<\/p>\n<\/div><\/div>\n\n\n\n<div class=\"wp-block-media-text alignwide is-stacked-on-mobile\" style=\"grid-template-columns:40% auto\"><figure class=\"wp-block-media-text__media\"><img loading=\"lazy\" decoding=\"async\" width=\"729\" height=\"1024\" src=\"https:\/\/hiphi.ubbcluj.ro\/SD_ICC\/wp-content\/uploads\/2024\/05\/Afis_22.03.2024-729x1024.png\" alt=\"\" class=\"wp-image-2121 size-full\" srcset=\"https:\/\/hiphi.ubbcluj.ro\/SD_ICC\/wp-content\/uploads\/2024\/05\/Afis_22.03.2024-729x1024.png 729w, https:\/\/hiphi.ubbcluj.ro\/SD_ICC\/wp-content\/uploads\/2024\/05\/Afis_22.03.2024-214x300.png 214w, https:\/\/hiphi.ubbcluj.ro\/SD_ICC\/wp-content\/uploads\/2024\/05\/Afis_22.03.2024-768x1079.png 768w, https:\/\/hiphi.ubbcluj.ro\/SD_ICC\/wp-content\/uploads\/2024\/05\/Afis_22.03.2024-1094x1536.png 1094w, https:\/\/hiphi.ubbcluj.ro\/SD_ICC\/wp-content\/uploads\/2024\/05\/Afis_22.03.2024-1458x2048.png 1458w, https:\/\/hiphi.ubbcluj.ro\/SD_ICC\/wp-content\/uploads\/2024\/05\/Afis_22.03.2024-2000x2809.png 2000w\" sizes=\"(max-width: 729px) 100vw, 729px\" \/><\/figure><div class=\"wp-block-media-text__content\">\n<p>Ex-Cathedra: Prelegerile \u0218colii Doctorale<br><br><strong><em>Istoriografia francez\u0103 \u00een secolul XX: L&#8217;ecole des \u201eAnnales\u201d<\/em><\/strong><br><br>22 martie 2024<\/p>\n<\/div><\/div>\n\n\n\n<div class=\"wp-block-media-text alignwide is-stacked-on-mobile\" style=\"grid-template-columns:40% auto\"><figure class=\"wp-block-media-text__media\"><img loading=\"lazy\" decoding=\"async\" width=\"724\" height=\"1024\" src=\"https:\/\/hiphi.ubbcluj.ro\/SD_ICC\/wp-content\/uploads\/2024\/05\/Afis-\u201eProsopografia-membrilor-Academiei-Romane-originari-din-Transilvania-alesi-intre-1866-1948.-724x1024.png\" alt=\"\" class=\"wp-image-2119 size-full\" srcset=\"https:\/\/hiphi.ubbcluj.ro\/SD_ICC\/wp-content\/uploads\/2024\/05\/Afis-\u201eProsopografia-membrilor-Academiei-Romane-originari-din-Transilvania-alesi-intre-1866-1948.-724x1024.png 724w, https:\/\/hiphi.ubbcluj.ro\/SD_ICC\/wp-content\/uploads\/2024\/05\/Afis-\u201eProsopografia-membrilor-Academiei-Romane-originari-din-Transilvania-alesi-intre-1866-1948.-212x300.png 212w, https:\/\/hiphi.ubbcluj.ro\/SD_ICC\/wp-content\/uploads\/2024\/05\/Afis-\u201eProsopografia-membrilor-Academiei-Romane-originari-din-Transilvania-alesi-intre-1866-1948.-768x1086.png 768w, https:\/\/hiphi.ubbcluj.ro\/SD_ICC\/wp-content\/uploads\/2024\/05\/Afis-\u201eProsopografia-membrilor-Academiei-Romane-originari-din-Transilvania-alesi-intre-1866-1948.-1086x1536.png 1086w, https:\/\/hiphi.ubbcluj.ro\/SD_ICC\/wp-content\/uploads\/2024\/05\/Afis-\u201eProsopografia-membrilor-Academiei-Romane-originari-din-Transilvania-alesi-intre-1866-1948.-1448x2048.png 1448w, https:\/\/hiphi.ubbcluj.ro\/SD_ICC\/wp-content\/uploads\/2024\/05\/Afis-\u201eProsopografia-membrilor-Academiei-Romane-originari-din-Transilvania-alesi-intre-1866-1948..png 1587w\" sizes=\"(max-width: 724px) 100vw, 724px\" \/><\/figure><div class=\"wp-block-media-text__content\">\n<p>Ex-Cathedra: Prelegerile \u0218colii Doctorale<br><br><strong><em>Prosopografia membrilor Academiei Rom\u00e2ne originari din Transilvania ale\u0219i \u00eentre 1866-1948<\/em><\/strong><br><br>29 martie 2024<\/p>\n<\/div><\/div>\n\n\n\n<div class=\"wp-block-media-text alignwide is-stacked-on-mobile\" style=\"grid-template-columns:40% auto\"><figure class=\"wp-block-media-text__media\"><img loading=\"lazy\" decoding=\"async\" width=\"724\" height=\"1024\" src=\"https:\/\/hiphi.ubbcluj.ro\/SD_ICC\/wp-content\/uploads\/2024\/04\/Ex-Cathedra-Papp.-1-724x1024.png\" alt=\"\" class=\"wp-image-2096 size-full\" srcset=\"https:\/\/hiphi.ubbcluj.ro\/SD_ICC\/wp-content\/uploads\/2024\/04\/Ex-Cathedra-Papp.-1-724x1024.png 724w, https:\/\/hiphi.ubbcluj.ro\/SD_ICC\/wp-content\/uploads\/2024\/04\/Ex-Cathedra-Papp.-1-212x300.png 212w, https:\/\/hiphi.ubbcluj.ro\/SD_ICC\/wp-content\/uploads\/2024\/04\/Ex-Cathedra-Papp.-1-768x1086.png 768w, https:\/\/hiphi.ubbcluj.ro\/SD_ICC\/wp-content\/uploads\/2024\/04\/Ex-Cathedra-Papp.-1-1086x1536.png 1086w, https:\/\/hiphi.ubbcluj.ro\/SD_ICC\/wp-content\/uploads\/2024\/04\/Ex-Cathedra-Papp.-1-1448x2048.png 1448w, https:\/\/hiphi.ubbcluj.ro\/SD_ICC\/wp-content\/uploads\/2024\/04\/Ex-Cathedra-Papp.-1.png 1587w\" sizes=\"(max-width: 724px) 100vw, 724px\" \/><\/figure><div class=\"wp-block-media-text__content\">\n<p>Ex-Cathedra: Prelegerile \u0218colii Doctorale <br><br><strong><em>The governance of the Ottoman Empire: its decision making mechanism and its sources<\/em><\/strong><br><br>29 aprilie 2024<\/p>\n<\/div><\/div>\n\n\n\n<div class=\"wp-block-media-text alignwide is-stacked-on-mobile\" style=\"grid-template-columns:40% auto\"><figure class=\"wp-block-media-text__media\"><img loading=\"lazy\" decoding=\"async\" width=\"724\" height=\"1024\" src=\"https:\/\/hiphi.ubbcluj.ro\/SD_ICC\/wp-content\/uploads\/2024\/05\/Ex-Cathedra-Peter-1-724x1024.png\" alt=\"\" class=\"wp-image-2102 size-full\" srcset=\"https:\/\/hiphi.ubbcluj.ro\/SD_ICC\/wp-content\/uploads\/2024\/05\/Ex-Cathedra-Peter-1-724x1024.png 724w, https:\/\/hiphi.ubbcluj.ro\/SD_ICC\/wp-content\/uploads\/2024\/05\/Ex-Cathedra-Peter-1-212x300.png 212w, https:\/\/hiphi.ubbcluj.ro\/SD_ICC\/wp-content\/uploads\/2024\/05\/Ex-Cathedra-Peter-1-768x1086.png 768w, https:\/\/hiphi.ubbcluj.ro\/SD_ICC\/wp-content\/uploads\/2024\/05\/Ex-Cathedra-Peter-1-1086x1536.png 1086w, https:\/\/hiphi.ubbcluj.ro\/SD_ICC\/wp-content\/uploads\/2024\/05\/Ex-Cathedra-Peter-1-1448x2048.png 1448w, https:\/\/hiphi.ubbcluj.ro\/SD_ICC\/wp-content\/uploads\/2024\/05\/Ex-Cathedra-Peter-1.png 1587w\" sizes=\"(max-width: 724px) 100vw, 724px\" \/><\/figure><div class=\"wp-block-media-text__content\">\n<p>Ex-Cathedra: Prelegerile \u0218colii Doctorale<br><br><strong><em>Court life during the reign of Sigismund B\u00e1thory (1581-1602)<\/em><\/strong><br><br>24 mai 2024<\/p>\n<\/div><\/div>\n\n\n\n<p><\/p>\n","protected":false},"excerpt":{"rendered":"<p>Colocviu Istoria \u0219i literatura. Teritorii conexe \u0219i \u00eent\u00e2lniri fertile 13-14 octombrie 2023 Programul colocviului AICI Conferin\u0163a interna\u021bional\u0103 a doctoranzilor \u00een istorieInternational Conference Of The Doctoral School In History Rev\u0103z\u00e2nd Revezionismul: Paradigme, Modele Interpretative \u0219i Instrumente Euristice \u00een Cercetarea Istoric\u0103 \/ Revising Revisionism: Paradigms, Interpretative Models And Heuristic Tools In Historical Research 9-11 noiembrie 2023 Programul &hellip; <\/p>\n<p class=\"link-more\"><a href=\"https:\/\/hiphi.ubbcluj.ro\/SD_ICC\/anul-2023-2024\/\" class=\"more-link\">Cite\u0219te mai multe<span class=\"screen-reader-text\">\u201eAnul 2023-2024\u201d<\/span><\/a><\/p>\n","protected":false},"author":1,"featured_media":0,"parent":0,"menu_order":0,"comment_status":"closed","ping_status":"closed","template":"","meta":{"_inspiro_hide_title":false,"footnotes":""},"class_list":["post-1888","page","type-page","status-publish","hentry"],"_links":{"self":[{"href":"https:\/\/hiphi.ubbcluj.ro\/SD_ICC\/wp-json\/wp\/v2\/pages\/1888","targetHints":{"allow":["GET"]}}],"collection":[{"href":"https:\/\/hiphi.ubbcluj.ro\/SD_ICC\/wp-json\/wp\/v2\/pages"}],"about":[{"href":"https:\/\/hiphi.ubbcluj.ro\/SD_ICC\/wp-json\/wp\/v2\/types\/page"}],"author":[{"embeddable":true,"href":"https:\/\/hiphi.ubbcluj.ro\/SD_ICC\/wp-json\/wp\/v2\/users\/1"}],"replies":[{"embeddable":true,"href":"https:\/\/hiphi.ubbcluj.ro\/SD_ICC\/wp-json\/wp\/v2\/comments?post=1888"}],"version-history":[{"count":16,"href":"https:\/\/hiphi.ubbcluj.ro\/SD_ICC\/wp-json\/wp\/v2\/pages\/1888\/revisions"}],"predecessor-version":[{"id":2126,"href":"https:\/\/hiphi.ubbcluj.ro\/SD_ICC\/wp-json\/wp\/v2\/pages\/1888\/revisions\/2126"}],"wp:attachment":[{"href":"https:\/\/hiphi.ubbcluj.ro\/SD_ICC\/wp-json\/wp\/v2\/media?parent=1888"}],"curies":[{"name":"wp","href":"https:\/\/api.w.org\/{rel}","templated":true}]}}